{"id":4996,"date":"2022-12-13T15:35:17","date_gmt":"2022-12-13T14:35:17","guid":{"rendered":"http:\/\/www.ecgffr.ch\/schulische-aktivitaeten\/gsp-aktivitaeten\/"},"modified":"2025-10-28T09:21:29","modified_gmt":"2025-10-28T08:21:29","slug":"gsp-aktivitaeten","status":"publish","type":"page","link":"https:\/\/www.ecgffr.ch\/de\/schulische-aktivitaeten\/gsp-aktivitaeten\/","title":{"rendered":"GSP-Aktivit\u00e4ten"},"content":{"rendered":"\t\t<div data-elementor-type=\"wp-page\" data-elementor-id=\"4996\" class=\"elementor elementor-4996 elementor-1215\" data-elementor-post-type=\"page\">\n\t\t\t\t\t\t<section class=\"elementor-section elementor-top-section elementor-element elementor-element-13c26e6 elementor-section-height-min-height elementor-section-boxed elementor-section-height-default elementor-section-items-middle\" data-id=\"13c26e6\" data-element_type=\"section\" data-settings=\"{&quot;background_background&quot;:&quot;classic&quot;}\">\n\t\t\t\t\t\t\t<div class=\"elementor-background-overlay\"><\/div>\n\t\t\t\t\t\t\t<div class=\"elementor-container elementor-column-gap-default\">\n\t\t\t\t\t<div class=\"elementor-column elementor-col-100 elementor-top-column elementor-element elementor-element-ff95641\" data-id=\"ff95641\" data-element_type=\"column\">\n\t\t\t<div class=\"elementor-widget-wrap elementor-element-populated\">\n\t\t\t\t\t\t<div class=\"elementor-element elementor-element-c754e65 elementor-widget elementor-widget-heading\" data-id=\"c754e65\" data-element_type=\"widget\" data-widget_type=\"heading.default\">\n\t\t\t\t<div class=\"elementor-widget-container\">\n\t\t\t\t\t<h4 class=\"elementor-heading-title elementor-size-default\">Schulische Aktivit\u00e4ten <\/h4>\t\t\t\t<\/div>\n\t\t\t\t<\/div>\n\t\t\t\t<div class=\"elementor-element elementor-element-0f237c6 elementor-widget elementor-widget-heading\" data-id=\"0f237c6\" data-element_type=\"widget\" data-widget_type=\"heading.default\">\n\t\t\t\t<div class=\"elementor-widget-container\">\n\t\t\t\t\t<h1 class=\"elementor-heading-title elementor-size-default\">GSP-Aktivit\u00e4ten<\/h1>\t\t\t\t<\/div>\n\t\t\t\t<\/div>\n\t\t\t\t<div class=\"elementor-element elementor-element-1620e9b elementor-icon-list--layout-inline elementor-align-center elementor-list-item-link-full_width elementor-widget elementor-widget-icon-list\" data-id=\"1620e9b\" data-element_type=\"widget\" data-widget_type=\"icon-list.default\">\n\t\t\t\t<div class=\"elementor-widget-container\">\n\t\t\t\t\t\t\t<ul class=\"elementor-icon-list-items elementor-inline-items\">\n\t\t\t\t\t\t\t<li class=\"elementor-icon-list-item elementor-inline-item\">\n\t\t\t\t\t\t\t\t\t\t\t<a href=\"https:\/\/www.ecgffr.ch\/fr\/vie-de-lecole\/\">\n\n\t\t\t\t\t\t\t\t\t\t\t\t<span class=\"elementor-icon-list-icon\">\n\t\t\t\t\t\t\t<i aria-hidden=\"true\" class=\"fas fa-long-arrow-alt-left\"><\/i>\t\t\t\t\t\t<\/span>\n\t\t\t\t\t\t\t\t\t\t<span class=\"elementor-icon-list-text\">Zur\u00fcck zu Schulische Aktivit\u00e4ten<\/span>\n\t\t\t\t\t\t\t\t\t\t\t<\/a>\n\t\t\t\t\t\t\t\t\t<\/li>\n\t\t\t\t\t\t<\/ul>\n\t\t\t\t\t\t<\/div>\n\t\t\t\t<\/div>\n\t\t\t\t\t<\/div>\n\t\t<\/div>\n\t\t\t\t\t<\/div>\n\t\t<\/section>\n\t\t\t\t<section class=\"elementor-section elementor-top-section elementor-element elementor-element-c23961a elementor-section-boxed elementor-section-height-default elementor-section-height-default\" data-id=\"c23961a\" data-element_type=\"section\">\n\t\t\t\t\t\t<div class=\"elementor-container elementor-column-gap-default\">\n\t\t\t\t\t<div class=\"elementor-column elementor-col-100 elementor-top-column elementor-element elementor-element-0813849\" data-id=\"0813849\" data-element_type=\"column\">\n\t\t\t<div class=\"elementor-widget-wrap elementor-element-populated\">\n\t\t\t\t\t\t<div class=\"elementor-element elementor-element-5f85aae e-n-tabs-mobile elementor-widget elementor-widget-n-tabs\" data-id=\"5f85aae\" data-element_type=\"widget\" data-settings=\"{&quot;horizontal_scroll&quot;:&quot;disable&quot;}\" data-widget_type=\"nested-tabs.default\">\n\t\t\t\t<div class=\"elementor-widget-container\">\n\t\t\t\t\t\t\t<div class=\"e-n-tabs\" data-widget-number=\"100162222\" aria-label=\"Tabs. Open items with Enter or Space, close with Escape and navigate using the Arrow keys.\">\n\t\t\t<div class=\"e-n-tabs-heading\" role=\"tablist\">\n\t\t\t\t\t<button id=\"e-n-tab-title-1001622221\" data-tab-title-id=\"e-n-tab-title-1001622221\" class=\"e-n-tab-title\" aria-selected=\"true\" data-tab-index=\"1\" role=\"tab\" tabindex=\"0\" aria-controls=\"e-n-tab-content-1001622221\" style=\"--n-tabs-title-order: 1;\">\n\t\t\t\t\t\t<span class=\"e-n-tab-title-text\">\n\t\t\t\tGeistige Behinderung\t\t\t<\/span>\n\t\t<\/button>\n\t\t\t\t<button id=\"e-n-tab-title-1001622222\" data-tab-title-id=\"e-n-tab-title-1001622222\" class=\"e-n-tab-title\" aria-selected=\"false\" data-tab-index=\"2\" role=\"tab\" tabindex=\"-1\" aria-controls=\"e-n-tab-content-1001622222\" style=\"--n-tabs-title-order: 2;\">\n\t\t\t\t\t\t<span class=\"e-n-tab-title-text\">\n\t\t\t\tCREAHM\t\t\t<\/span>\n\t\t<\/button>\n\t\t\t\t<button id=\"e-n-tab-title-1001622223\" data-tab-title-id=\"e-n-tab-title-1001622223\" class=\"e-n-tab-title\" aria-selected=\"false\" data-tab-index=\"3\" role=\"tab\" tabindex=\"-1\" aria-controls=\"e-n-tab-content-1001622223\" style=\"--n-tabs-title-order: 3;\">\n\t\t\t\t\t\t<span class=\"e-n-tab-title-text\">\n\t\t\t\tTag der \u00e4lteren Menschen\t\t\t<\/span>\n\t\t<\/button>\n\t\t\t\t<button id=\"e-n-tab-title-1001622224\" data-tab-title-id=\"e-n-tab-title-1001622224\" class=\"e-n-tab-title\" aria-selected=\"false\" data-tab-index=\"4\" role=\"tab\" tabindex=\"-1\" aria-controls=\"e-n-tab-content-1001622224\" style=\"--n-tabs-title-order: 4;\">\n\t\t\t\t\t\t<span class=\"e-n-tab-title-text\">\n\t\t\t\tMurtenlauf\t\t\t<\/span>\n\t\t<\/button>\n\t\t\t\t\t<\/div>\n\t\t\t<div class=\"e-n-tabs-content\">\n\t\t\t\t<div id=\"e-n-tab-content-1001622221\" role=\"tabpanel\" aria-labelledby=\"e-n-tab-title-1001622221\" data-tab-index=\"1\" style=\"--n-tabs-title-order: 1;\" class=\"e-active elementor-element elementor-element-6ca3b54 e-con-full e-flex e-con e-child\" data-id=\"6ca3b54\" data-element_type=\"container\">\n\t\t<div class=\"elementor-element elementor-element-02fef2e e-con-full e-flex e-con e-child\" data-id=\"02fef2e\" data-element_type=\"container\">\n\t\t\t\t<div class=\"elementor-element elementor-element-ca42132 elementor-widget elementor-widget-text-editor\" data-id=\"ca42132\" data-element_type=\"widget\" data-widget_type=\"text-editor.default\">\n\t\t\t\t<div class=\"elementor-widget-container\">\n\t\t\t\t\t\t\t\t\t<h2 class=\"entry-title\">Geistige Behinderung<\/h2><h5>Der Tag &#8222;approach to mental disability&#8220; wird in Zusammenarbeit mit der Stiftung la Rosi\u00e8re, die gesch\u00fctzte Werkst\u00e4tten in Estavayer-le-Lac betreibt, und dem OCBS, der Fachstelle f\u00fcr Oekumenische Behindertenseelsorge, die in rund zwanzig Einrichtungen f\u00fcr Menschen mit Behinderungen, Erwachsene oder Kinder t\u00e4tig ist, organisiert.<\/h5><ul><li>An diesem Tag leiten die OCBS-Leiterinnen und -Leiter verschiedene Workshops rund um das Thema Spiel und Musik.<\/li><li>Die Sch\u00fclerinnen und Sch\u00fcler werden in Gruppen eingeteilt und f\u00fchren Aufgaben in Zusammenarbeit mit Personen der Stiftung durch.<\/li><li>Um ihr Spiel zu vervollst\u00e4ndigen oder einen Song zu produzieren, m\u00fcssen die Sch\u00fcler mit Menschen mit Behinderungen kommunizieren: Spiel und Musik werden zum Vorwand, um das Eis zu brechen und Kontakte und den Austausch zu f\u00f6rdern.<\/li><\/ul>\t\t\t\t\t\t\t\t<\/div>\n\t\t\t\t<\/div>\n\t\t\t\t<\/div>\n\t\t<div class=\"elementor-element elementor-element-b83d3fc e-con-full e-flex e-con e-child\" data-id=\"b83d3fc\" data-element_type=\"container\">\n\t\t\t\t<div class=\"elementor-element elementor-element-869a61c elementor-widget elementor-widget-image\" data-id=\"869a61c\" data-element_type=\"widget\" data-widget_type=\"image.default\">\n\t\t\t\t<div class=\"elementor-widget-container\">\n\t\t\t\t\t\t\t\t\t\t\t\t\t\t\t<img fetchpriority=\"high\" decoding=\"async\" width=\"600\" height=\"397\" src=\"https:\/\/www.ecgffr.ch\/wp-content\/uploads\/2022\/12\/handicapmental2.jpg\" class=\"attachment-large size-large wp-image-1753\" alt=\"\" srcset=\"https:\/\/www.ecgffr.ch\/wp-content\/uploads\/2022\/12\/handicapmental2.jpg 600w, https:\/\/www.ecgffr.ch\/wp-content\/uploads\/2022\/12\/handicapmental2-300x199.jpg 300w\" sizes=\"(max-width: 600px) 100vw, 600px\" \/>\t\t\t\t\t\t\t\t\t\t\t\t\t\t\t<\/div>\n\t\t\t\t<\/div>\n\t\t\t\t<\/div>\n\t\t\t\t<\/div>\n\t\t<div id=\"e-n-tab-content-1001622222\" role=\"tabpanel\" aria-labelledby=\"e-n-tab-title-1001622222\" data-tab-index=\"2\" style=\"--n-tabs-title-order: 2;\" class=\" elementor-element elementor-element-28135e3 e-con-full e-flex e-con e-child\" data-id=\"28135e3\" data-element_type=\"container\">\n\t\t<div class=\"elementor-element elementor-element-968d497 e-con-full e-flex e-con e-child\" data-id=\"968d497\" data-element_type=\"container\">\n\t\t\t\t<div class=\"elementor-element elementor-element-02b3788 elementor-widget elementor-widget-text-editor\" data-id=\"02b3788\" data-element_type=\"widget\" data-widget_type=\"text-editor.default\">\n\t\t\t\t<div class=\"elementor-widget-container\">\n\t\t\t\t\t\t\t\t\t<h2 class=\"entry-title\">CREAHM<\/h2><p>\u00a0<\/p><h4>Der Tag &#8222;approach to mental disability&#8220; wird in Zusammenarbeit mit dem Verein CREAHM organisiert, der einen differenzierten Kunstworkshop in Villars-sur-Gl\u00e2ne betreibt.<\/h4><p>\u00a0<\/p><p>An diesem Tag erkl\u00e4ren die Vorstandsmitglieder zun\u00e4chst, wie der Workshop funktioniert und beschreiben die verschiedenen Arten von Art brut. In einem zweiten Schritt werden K\u00fcnstler mit Behinderungen eingeladen, ihren k\u00fcnstlerischen Ansatz zu erl\u00e4utern und ihre Werke zu pr\u00e4sentieren. In einem dritten Schritt w\u00e4hlen die Sch\u00fcler ein Werk aus und versuchen es dann mit den gleichen Techniken wie der K\u00fcnstler zu kopieren.<\/p><p>\u00a0<\/p>\t\t\t\t\t\t\t\t<\/div>\n\t\t\t\t<\/div>\n\t\t\t\t<\/div>\n\t\t<div class=\"elementor-element elementor-element-f560520 e-con-full e-flex e-con e-child\" data-id=\"f560520\" data-element_type=\"container\">\n\t\t\t\t<div class=\"elementor-element elementor-element-f0b87ba elementor-widget elementor-widget-image\" data-id=\"f0b87ba\" data-element_type=\"widget\" data-widget_type=\"image.default\">\n\t\t\t\t<div class=\"elementor-widget-container\">\n\t\t\t\t\t\t\t\t\t\t\t\t\t\t\t<img decoding=\"async\" width=\"600\" height=\"397\" src=\"https:\/\/www.ecgffr.ch\/wp-content\/uploads\/2022\/12\/handicapmental1.jpg\" class=\"attachment-large size-large wp-image-1752\" alt=\"\" srcset=\"https:\/\/www.ecgffr.ch\/wp-content\/uploads\/2022\/12\/handicapmental1.jpg 600w, https:\/\/www.ecgffr.ch\/wp-content\/uploads\/2022\/12\/handicapmental1-300x199.jpg 300w\" sizes=\"(max-width: 600px) 100vw, 600px\" \/>\t\t\t\t\t\t\t\t\t\t\t\t\t\t\t<\/div>\n\t\t\t\t<\/div>\n\t\t\t\t<\/div>\n\t\t\t\t<\/div>\n\t\t<div id=\"e-n-tab-content-1001622223\" role=\"tabpanel\" aria-labelledby=\"e-n-tab-title-1001622223\" data-tab-index=\"3\" style=\"--n-tabs-title-order: 3;\" class=\" elementor-element elementor-element-7b24ac7 e-con-full e-flex e-con e-child\" data-id=\"7b24ac7\" data-element_type=\"container\">\n\t\t<div class=\"elementor-element elementor-element-84a6113 e-con-full e-flex e-con e-child\" data-id=\"84a6113\" data-element_type=\"container\">\n\t\t\t\t<div class=\"elementor-element elementor-element-986353f elementor-widget elementor-widget-text-editor\" data-id=\"986353f\" data-element_type=\"widget\" data-widget_type=\"text-editor.default\">\n\t\t\t\t<div class=\"elementor-widget-container\">\n\t\t\t\t\t\t\t\t\t<h2 class=\"entry-title\">Tag der \u00e4lteren Menschen<\/h2><p>\u00a0<\/p><p>Unsere Schule bildet unter anderem junge Menschen in den Bereichen Gesundheit und Soziale Arbeit aus und setzt sich f\u00fcr die F\u00f6rderung generationen\u00fcbergreifender Kontakte ein.<\/p><p>\u00a0<\/p><p>Aus diesem Grund organisiert die FMSF einmal j\u00e4hrlich einen Nachmittag des Austauschs zwischen Sch\u00fclerinnen und Sch\u00fclern und \u00e4lteren Menschen, d.h. mit Personen \u00fcber 60 Jahren.<\/p><p>\u00a0<\/p><ul><li>In jeder Klasse des 2. Schuljahres schlagen Sch\u00fclerinnen und Sch\u00fcler vor, eine \u00e4ltere Person aus ihrem Umfeld einzuladen, die sich bereit erkl\u00e4rt, einen Schulnachmittag Ende September mit der Klasse zu verbringen (der 1.Oktober ist der Internationale Tag der \u00e4lteren Menschen).<\/li><li><h6>Die Art der eingeladenen G\u00e4ste ist beliebig (Grosseltern, Urgrosseltern, Nachbarn, Freunde&#8230;). Sie bringen ihre Erinnerungen und Lebenserfahrungen mit, welche sie mit den jungen Menschen teilen m\u00f6chten.<\/h6><\/li><\/ul>\t\t\t\t\t\t\t\t<\/div>\n\t\t\t\t<\/div>\n\t\t\t\t<\/div>\n\t\t<div class=\"elementor-element elementor-element-a375303 e-con-full e-flex e-con e-child\" data-id=\"a375303\" data-element_type=\"container\">\n\t\t\t\t<div class=\"elementor-element elementor-element-8ea322c elementor-widget elementor-widget-image\" data-id=\"8ea322c\" data-element_type=\"widget\" data-widget_type=\"image.default\">\n\t\t\t\t<div class=\"elementor-widget-container\">\n\t\t\t\t\t\t\t\t\t\t\t\t\t\t\t<img decoding=\"async\" width=\"598\" height=\"396\" src=\"https:\/\/www.ecgffr.ch\/wp-content\/uploads\/2022\/12\/aines.jpg\" class=\"attachment-large size-large wp-image-1751\" alt=\"\" srcset=\"https:\/\/www.ecgffr.ch\/wp-content\/uploads\/2022\/12\/aines.jpg 598w, https:\/\/www.ecgffr.ch\/wp-content\/uploads\/2022\/12\/aines-300x199.jpg 300w\" sizes=\"(max-width: 598px) 100vw, 598px\" \/>\t\t\t\t\t\t\t\t\t\t\t\t\t\t\t<\/div>\n\t\t\t\t<\/div>\n\t\t\t\t<\/div>\n\t\t\t\t<\/div>\n\t\t<div id=\"e-n-tab-content-1001622224\" role=\"tabpanel\" aria-labelledby=\"e-n-tab-title-1001622224\" data-tab-index=\"4\" style=\"--n-tabs-title-order: 4;\" class=\" elementor-element elementor-element-0bd5567 e-flex e-con-boxed e-con e-child\" data-id=\"0bd5567\" data-element_type=\"container\">\n\t\t\t\t\t<div class=\"e-con-inner\">\n\t\t<div class=\"elementor-element elementor-element-c3c0b1f e-con-full e-flex e-con e-child\" data-id=\"c3c0b1f\" data-element_type=\"container\">\n\t\t\t\t<div class=\"elementor-element elementor-element-5105d5c elementor-widget elementor-widget-text-editor\" data-id=\"5105d5c\" data-element_type=\"widget\" data-widget_type=\"text-editor.default\">\n\t\t\t\t<div class=\"elementor-widget-container\">\n\t\t\t\t\t\t\t\t\t<h2>Murtenlauf\u200b<\/h2><p>Die Teilnahme am Murtenlauf bedeutet, die Gesundheit durch Sport zu f\u00f6rdern. Dies ist ebenfalls ein Auftrag unserer Schule.<\/p><p>Jeder passt seine Anstrengung an und findet sein Vergn\u00fcgen beim Laufen oder Gehen, auf der gesamten Strecke oder von Courtepin aus.<\/p>\t\t\t\t\t\t\t\t<\/div>\n\t\t\t\t<\/div>\n\t\t\t\t<\/div>\n\t\t<div class=\"elementor-element elementor-element-7485b3d e-con-full e-flex e-con e-child\" data-id=\"7485b3d\" data-element_type=\"container\">\n\t\t\t\t<div class=\"elementor-element elementor-element-6d14053 elementor-widget elementor-widget-image\" data-id=\"6d14053\" data-element_type=\"widget\" data-widget_type=\"image.default\">\n\t\t\t\t<div class=\"elementor-widget-container\">\n\t\t\t\t\t\t\t\t\t\t\t\t\t\t\t<img loading=\"lazy\" decoding=\"async\" width=\"1024\" height=\"683\" src=\"https:\/\/www.ecgffr.ch\/wp-content\/uploads\/2023\/06\/course_morat-1024x683.jpg\" class=\"attachment-large size-large wp-image-6222\" alt=\"\" srcset=\"https:\/\/www.ecgffr.ch\/wp-content\/uploads\/2023\/06\/course_morat-1024x683.jpg 1024w, https:\/\/www.ecgffr.ch\/wp-content\/uploads\/2023\/06\/course_morat-300x200.jpg 300w, https:\/\/www.ecgffr.ch\/wp-content\/uploads\/2023\/06\/course_morat-768x512.jpg 768w, https:\/\/www.ecgffr.ch\/wp-content\/uploads\/2023\/06\/course_morat-1536x1024.jpg 1536w, https:\/\/www.ecgffr.ch\/wp-content\/uploads\/2023\/06\/course_morat-2048x1365.jpg 2048w\" sizes=\"(max-width: 1024px) 100vw, 1024px\" \/>\t\t\t\t\t\t\t\t\t\t\t\t\t\t\t<\/div>\n\t\t\t\t<\/div>\n\t\t\t\t<\/div>\n\t\t\t\t\t<\/div>\n\t\t\t\t<\/div>\n\t\t\t\t\t<\/div>\n\t\t<\/div>\n\t\t\t\t\t\t<\/div>\n\t\t\t\t<\/div>\n\t\t\t\t\t<\/div>\n\t\t<\/div>\n\t\t\t\t\t<\/div>\n\t\t<\/section>\n\t\t<div class=\"elementor-element elementor-element-67caa7f e-flex e-con-boxed e-con e-parent\" data-id=\"67caa7f\" data-element_type=\"container\">\n\t\t\t\t\t<div class=\"e-con-inner\">\n\t\t\t\t\t<\/div>\n\t\t\t\t<\/div>\n\t\t\t\t<\/div>\n\t\t","protected":false},"excerpt":{"rendered":"<p>Schulische Aktivit\u00e4ten GSP-Aktivit\u00e4ten Zur\u00fcck zu Schulische Aktivit\u00e4ten Geistige Behinderung CREAHM Tag der \u00e4lteren Menschen Murtenlauf Geistige Behinderung Der Tag \u00ab\u00a0approach to mental disability\u00a0\u00bb wird in Zusammenarbeit mit der Stiftung la Rosi\u00e8re, die gesch\u00fctzte Werkst\u00e4tten in Estavayer-le-Lac betreibt, und dem OCBS, der Fachstelle f\u00fcr Oekumenische Behindertenseelsorge, die in rund zwanzig Einrichtungen f\u00fcr Menschen mit Behinderungen, Erwachsene [&hellip;]<\/p>\n","protected":false},"author":1,"featured_media":0,"parent":4992,"menu_order":0,"comment_status":"closed","ping_status":"closed","template":"","meta":{"site-sidebar-layout":"no-sidebar","site-content-layout":"page-builder","ast-site-content-layout":"default","site-content-style":"default","site-sidebar-style":"default","ast-global-header-display":"","ast-banner-title-visibility":"","ast-main-header-display":"","ast-hfb-above-header-display":"","ast-hfb-below-header-display":"","ast-hfb-mobile-header-display":"","site-post-title":"disabled","ast-breadcrumbs-content":"","ast-featured-img":"disabled","footer-sml-layout":"","ast-disable-related-posts":"","theme-transparent-header-meta":"","adv-header-id-meta":"","stick-header-meta":"","header-above-stick-meta":"","header-main-stick-meta":"","header-below-stick-meta":"","astra-migrate-meta-layouts":"default","ast-page-background-enabled":"default","ast-page-background-meta":{"desktop":{"background-color":"var(--ast-global-color-4)","background-image":"","background-repeat":"repeat","background-position":"center center","background-size":"auto","background-attachment":"scroll","background-type":"","background-media":"","overlay-type":"","overlay-color":"","overlay-opacity":"","overlay-gradient":""},"tablet":{"background-color":"","background-image":"","background-repeat":"repeat","background-position":"center center","background-size":"auto","background-attachment":"scroll","background-type":"","background-media":"","overlay-type":"","overlay-color":"","overlay-opacity":"","overlay-gradient":""},"mobile":{"background-color":"","background-image":"","background-repeat":"repeat","background-position":"center center","background-size":"auto","background-attachment":"scroll","background-type":"","background-media":"","overlay-type":"","overlay-color":"","overlay-opacity":"","overlay-gradient":""}},"ast-content-background-meta":{"desktop":{"background-color":"var(--ast-global-color-5)","background-image":"","background-repeat":"repeat","background-position":"center center","background-size":"auto","background-attachment":"scroll","background-type":"","background-media":"","overlay-type":"","overlay-color":"","overlay-opacity":"","overlay-gradient":""},"tablet":{"background-color":"var(--ast-global-color-5)","background-image":"","background-repeat":"repeat","background-position":"center center","background-size":"auto","background-attachment":"scroll","background-type":"","background-media":"","overlay-type":"","overlay-color":"","overlay-opacity":"","overlay-gradient":""},"mobile":{"background-color":"var(--ast-global-color-5)","background-image":"","background-repeat":"repeat","background-position":"center center","background-size":"auto","background-attachment":"scroll","background-type":"","background-media":"","overlay-type":"","overlay-color":"","overlay-opacity":"","overlay-gradient":""}},"footnotes":""},"class_list":["post-4996","page","type-page","status-publish","hentry"],"_links":{"self":[{"href":"https:\/\/www.ecgffr.ch\/de\/wp-json\/wp\/v2\/pages\/4996","targetHints":{"allow":["GET"]}}],"collection":[{"href":"https:\/\/www.ecgffr.ch\/de\/wp-json\/wp\/v2\/pages"}],"about":[{"href":"https:\/\/www.ecgffr.ch\/de\/wp-json\/wp\/v2\/types\/page"}],"author":[{"embeddable":true,"href":"https:\/\/www.ecgffr.ch\/de\/wp-json\/wp\/v2\/users\/1"}],"replies":[{"embeddable":true,"href":"https:\/\/www.ecgffr.ch\/de\/wp-json\/wp\/v2\/comments?post=4996"}],"version-history":[{"count":6,"href":"https:\/\/www.ecgffr.ch\/de\/wp-json\/wp\/v2\/pages\/4996\/revisions"}],"predecessor-version":[{"id":15353,"href":"https:\/\/www.ecgffr.ch\/de\/wp-json\/wp\/v2\/pages\/4996\/revisions\/15353"}],"up":[{"embeddable":true,"href":"https:\/\/www.ecgffr.ch\/de\/wp-json\/wp\/v2\/pages\/4992"}],"wp:attachment":[{"href":"https:\/\/www.ecgffr.ch\/de\/wp-json\/wp\/v2\/media?parent=4996"}],"curies":[{"name":"wp","href":"https:\/\/api.w.org\/{rel}","templated":true}]}}