{"id":1202,"date":"2022-12-13T15:30:14","date_gmt":"2022-12-13T14:30:14","guid":{"rendered":"http:\/\/www.ecgffr.ch\/?page_id=1202"},"modified":"2025-07-15T11:25:15","modified_gmt":"2025-07-15T09:25:15","slug":"journee-thematique","status":"publish","type":"page","link":"https:\/\/www.ecgffr.ch\/fr\/vie-de-lecole\/journee-thematique\/","title":{"rendered":"Journ\u00e9e th\u00e9matique"},"content":{"rendered":"\t\t<div data-elementor-type=\"wp-page\" data-elementor-id=\"1202\" class=\"elementor elementor-1202\" data-elementor-post-type=\"page\">\n\t\t\t\t\t\t<section class=\"elementor-section elementor-top-section elementor-element elementor-element-13c26e6 elementor-section-height-min-height elementor-section-boxed elementor-section-height-default elementor-section-items-middle\" data-id=\"13c26e6\" data-element_type=\"section\" data-settings=\"{&quot;background_background&quot;:&quot;classic&quot;}\">\n\t\t\t\t\t\t\t<div class=\"elementor-background-overlay\"><\/div>\n\t\t\t\t\t\t\t<div class=\"elementor-container elementor-column-gap-default\">\n\t\t\t\t\t<div class=\"elementor-column elementor-col-100 elementor-top-column elementor-element elementor-element-ff95641\" data-id=\"ff95641\" data-element_type=\"column\">\n\t\t\t<div class=\"elementor-widget-wrap elementor-element-populated\">\n\t\t\t\t\t\t<div class=\"elementor-element elementor-element-c754e65 elementor-widget elementor-widget-heading\" data-id=\"c754e65\" data-element_type=\"widget\" data-widget_type=\"heading.default\">\n\t\t\t\t<div class=\"elementor-widget-container\">\n\t\t\t\t\t<h4 class=\"elementor-heading-title elementor-size-default\">Vie de l'\u00e9cole - Journ\u00e9es th\u00e9matiques<\/h4>\t\t\t\t<\/div>\n\t\t\t\t<\/div>\n\t\t\t\t<div class=\"elementor-element elementor-element-0f237c6 elementor-widget elementor-widget-heading\" data-id=\"0f237c6\" data-element_type=\"widget\" data-widget_type=\"heading.default\">\n\t\t\t\t<div class=\"elementor-widget-container\">\n\t\t\t\t\t<h1 class=\"elementor-heading-title elementor-size-default\">Journ\u00e9es th\u00e9matiques<\/h1>\t\t\t\t<\/div>\n\t\t\t\t<\/div>\n\t\t\t\t<div class=\"elementor-element elementor-element-1620e9b elementor-icon-list--layout-inline elementor-align-center elementor-list-item-link-full_width elementor-widget elementor-widget-icon-list\" data-id=\"1620e9b\" data-element_type=\"widget\" data-widget_type=\"icon-list.default\">\n\t\t\t\t<div class=\"elementor-widget-container\">\n\t\t\t\t\t\t\t<ul class=\"elementor-icon-list-items elementor-inline-items\">\n\t\t\t\t\t\t\t<li class=\"elementor-icon-list-item elementor-inline-item\">\n\t\t\t\t\t\t\t\t\t\t\t<a href=\"https:\/\/www.ecgffr.ch\/fr\/vie-de-lecole\/\">\n\n\t\t\t\t\t\t\t\t\t\t\t\t<span class=\"elementor-icon-list-icon\">\n\t\t\t\t\t\t\t<i aria-hidden=\"true\" class=\"fas fa-long-arrow-alt-left\"><\/i>\t\t\t\t\t\t<\/span>\n\t\t\t\t\t\t\t\t\t\t<span class=\"elementor-icon-list-text\">Revenir \u00e0 vie de l\u00e9cole<\/span>\n\t\t\t\t\t\t\t\t\t\t\t<\/a>\n\t\t\t\t\t\t\t\t\t<\/li>\n\t\t\t\t\t\t<\/ul>\n\t\t\t\t\t\t<\/div>\n\t\t\t\t<\/div>\n\t\t\t\t\t<\/div>\n\t\t<\/div>\n\t\t\t\t\t<\/div>\n\t\t<\/section>\n\t\t\t\t<section class=\"elementor-section elementor-top-section elementor-element elementor-element-c23961a elementor-section-boxed elementor-section-height-default elementor-section-height-default\" data-id=\"c23961a\" data-element_type=\"section\">\n\t\t\t\t\t\t<div class=\"elementor-container elementor-column-gap-default\">\n\t\t\t\t\t<div class=\"elementor-column elementor-col-100 elementor-top-column elementor-element elementor-element-0813849\" data-id=\"0813849\" data-element_type=\"column\">\n\t\t\t<div class=\"elementor-widget-wrap elementor-element-populated\">\n\t\t\t\t\t\t<section class=\"elementor-section elementor-inner-section elementor-element elementor-element-c80c860 elementor-section-boxed elementor-section-height-default elementor-section-height-default\" data-id=\"c80c860\" data-element_type=\"section\">\n\t\t\t\t\t\t<div class=\"elementor-container elementor-column-gap-default\">\n\t\t\t\t\t<div class=\"elementor-column elementor-col-50 elementor-inner-column elementor-element elementor-element-87a9008\" data-id=\"87a9008\" data-element_type=\"column\">\n\t\t\t<div class=\"elementor-widget-wrap elementor-element-populated\">\n\t\t\t\t\t\t<div class=\"elementor-element elementor-element-f951bb6 elementor-widget elementor-widget-heading\" data-id=\"f951bb6\" data-element_type=\"widget\" data-widget_type=\"heading.default\">\n\t\t\t\t<div class=\"elementor-widget-container\">\n\t\t\t\t\t<h4 class=\"elementor-heading-title elementor-size-default\">Journ\u00e9es th\u00e9matiques<\/h4>\t\t\t\t<\/div>\n\t\t\t\t<\/div>\n\t\t\t\t<div class=\"elementor-element elementor-element-365bcbe elementor-widget elementor-widget-text-editor\" data-id=\"365bcbe\" data-element_type=\"widget\" data-widget_type=\"text-editor.default\">\n\t\t\t\t<div class=\"elementor-widget-container\">\n\t\t\t\t\t\t\t\t\t<p>A la fin du semestre d\u2019hiver, les \u00e9l\u00e8ves de 1re et 3e ann\u00e9e participent \u00e0 trois journ\u00e9es th\u00e9matiques.<br \/><br \/>Ces journ\u00e9es ont pour objectifs d\u2019offrir une respiration entre les 2 semestres tout en favorisant la d\u00e9couverte de nouvelles comp\u00e9tences.<br \/><br \/>C\u2019est aussi l\u2019occasion de sortir du cadre scolaire en privil\u00e9giant d\u2019autres lieux (par ex. visite de mus\u00e9e), d\u2019autres horaires (par ex. horaire de nuit ou d\u00e9cal\u00e9), d\u2019autres personnes (par ex. \u00e9l\u00e8ves d\u2019autres classes, de l\u2019autre section linguistique, rencontres avec d\u2019autres enseignants ou des intervenants ext\u00e9rieurs\u2026).<\/p>\t\t\t\t\t\t\t\t<\/div>\n\t\t\t\t<\/div>\n\t\t\t\t\t<\/div>\n\t\t<\/div>\n\t\t\t\t<div class=\"elementor-column elementor-col-50 elementor-inner-column elementor-element elementor-element-2139180\" data-id=\"2139180\" data-element_type=\"column\">\n\t\t\t<div class=\"elementor-widget-wrap elementor-element-populated\">\n\t\t\t\t\t\t<div class=\"elementor-element elementor-element-bc0fb8b elementor-widget elementor-widget-image\" data-id=\"bc0fb8b\" data-element_type=\"widget\" data-widget_type=\"image.default\">\n\t\t\t\t<div class=\"elementor-widget-container\">\n\t\t\t\t\t\t\t\t\t\t\t\t\t\t\t<img fetchpriority=\"high\" decoding=\"async\" width=\"2560\" height=\"1920\" src=\"https:\/\/www.ecgffr.ch\/wp-content\/uploads\/2023\/06\/photo_classe-scaled.jpg\" class=\"attachment-full size-full wp-image-6211\" alt=\"\" srcset=\"https:\/\/www.ecgffr.ch\/wp-content\/uploads\/2023\/06\/photo_classe-scaled.jpg 2560w, https:\/\/www.ecgffr.ch\/wp-content\/uploads\/2023\/06\/photo_classe-300x225.jpg 300w, https:\/\/www.ecgffr.ch\/wp-content\/uploads\/2023\/06\/photo_classe-1024x768.jpg 1024w, https:\/\/www.ecgffr.ch\/wp-content\/uploads\/2023\/06\/photo_classe-768x576.jpg 768w, https:\/\/www.ecgffr.ch\/wp-content\/uploads\/2023\/06\/photo_classe-1536x1152.jpg 1536w, https:\/\/www.ecgffr.ch\/wp-content\/uploads\/2023\/06\/photo_classe-2048x1536.jpg 2048w\" sizes=\"(max-width: 2560px) 100vw, 2560px\" \/>\t\t\t\t\t\t\t\t\t\t\t\t\t\t\t<\/div>\n\t\t\t\t<\/div>\n\t\t\t\t\t<\/div>\n\t\t<\/div>\n\t\t\t\t\t<\/div>\n\t\t<\/section>\n\t\t\t\t<section class=\"elementor-section elementor-inner-section elementor-element elementor-element-eec571a elementor-section-boxed elementor-section-height-default elementor-section-height-default\" data-id=\"eec571a\" data-element_type=\"section\">\n\t\t\t\t\t\t<div class=\"elementor-container elementor-column-gap-default\">\n\t\t\t\t\t<div class=\"elementor-column elementor-col-100 elementor-inner-column elementor-element elementor-element-11d18f0\" data-id=\"11d18f0\" data-element_type=\"column\">\n\t\t\t<div class=\"elementor-widget-wrap elementor-element-populated\">\n\t\t\t\t\t\t<div class=\"elementor-element elementor-element-c4e4ecb elementor-widget elementor-widget-text-editor\" data-id=\"c4e4ecb\" data-element_type=\"widget\" data-widget_type=\"text-editor.default\">\n\t\t\t\t<div class=\"elementor-widget-container\">\n\t\t\t\t\t\t\t\t\t<p style=\"text-align: left;\">Les enseignants et\/ou des \u00e9l\u00e8ves proposent des ateliers se d\u00e9roulant sur 3 journ\u00e9es.<br \/>Ces ateliers doivent avoir un lien avec le th\u00e8me g\u00e9n\u00e9ral fix\u00e9 au mois de septembre et si possible avec les formations de nos \u00e9l\u00e8ves.<br \/><br \/>D\u00e9but novembre les \u00e9l\u00e8ves s\u2019inscrivent \u00e0 un atelier qui peut \u00eatre bilingue. La r\u00e9partition se fait par int\u00e9r\u00eat et non par classe.<br \/><br \/>Cela permet \u00e0 des jeunes de classes diff\u00e9rentes de se rencontrer pour partager des exp\u00e9riences en dehors du groupe classe.<br \/>Les enseignants responsables des ateliers rencontrent les \u00e9l\u00e8ves pour les faire participer \u00e0 l\u2019\u00e9laboration finale de l\u2019atelier afin d\u2019\u00eatre au plus pr\u00e8s des attentes de chacun.<\/p>\t\t\t\t\t\t\t\t<\/div>\n\t\t\t\t<\/div>\n\t\t\t\t\t<\/div>\n\t\t<\/div>\n\t\t\t\t\t<\/div>\n\t\t<\/section>\n\t\t\t\t\t<\/div>\n\t\t<\/div>\n\t\t\t\t\t<\/div>\n\t\t<\/section>\n\t\t\t\t<section class=\"elementor-section elementor-top-section elementor-element elementor-element-9398f05 elementor-section-boxed elementor-section-height-default elementor-section-height-default\" data-id=\"9398f05\" data-element_type=\"section\" data-settings=\"{&quot;background_background&quot;:&quot;classic&quot;}\">\n\t\t\t\t\t\t<div class=\"elementor-container elementor-column-gap-default\">\n\t\t\t\t\t<div class=\"elementor-column elementor-col-100 elementor-top-column elementor-element elementor-element-e87d02f\" data-id=\"e87d02f\" data-element_type=\"column\">\n\t\t\t<div class=\"elementor-widget-wrap elementor-element-populated\">\n\t\t\t\t\t\t<div class=\"elementor-element elementor-element-768c4d7 elementor-widget elementor-widget-heading\" data-id=\"768c4d7\" data-element_type=\"widget\" data-widget_type=\"heading.default\">\n\t\t\t\t<div class=\"elementor-widget-container\">\n\t\t\t\t\t<h4 class=\"elementor-heading-title elementor-size-default\">Voici quelques exemples de th\u00e8mes g\u00e9n\u00e9raux :<\/h4>\t\t\t\t<\/div>\n\t\t\t\t<\/div>\n\t\t\t\t<div class=\"elementor-element elementor-element-7eed902 elementor-icon-list--layout-traditional elementor-list-item-link-full_width elementor-widget elementor-widget-icon-list\" data-id=\"7eed902\" data-element_type=\"widget\" data-widget_type=\"icon-list.default\">\n\t\t\t\t<div class=\"elementor-widget-container\">\n\t\t\t\t\t\t\t<ul class=\"elementor-icon-list-items\">\n\t\t\t\t\t\t\t<li class=\"elementor-icon-list-item\">\n\t\t\t\t\t\t\t\t\t\t\t<span class=\"elementor-icon-list-icon\">\n\t\t\t\t\t\t\t<i aria-hidden=\"true\" class=\"fas fa-comment-alt\"><\/i>\t\t\t\t\t\t<\/span>\n\t\t\t\t\t\t\t\t\t\t<span class=\"elementor-icon-list-text\">\u00ab Objectifs du d\u00e9veloppement durable \u00bb, \u00ab Rites et traditions \u00bb,  \u00ab Evolution\/R\u00e9volution \u00bb, \u00ab les 4 \u00e9l\u00e9ments \u00bb, \u00ab Diff\u00e9rents ?! \u00bb, \u2026.<\/span>\n\t\t\t\t\t\t\t\t\t<\/li>\n\t\t\t\t\t\t<\/ul>\n\t\t\t\t\t\t<\/div>\n\t\t\t\t<\/div>\n\t\t\t\t<div class=\"elementor-element elementor-element-56ff25a elementor-widget elementor-widget-heading\" data-id=\"56ff25a\" data-element_type=\"widget\" data-widget_type=\"heading.default\">\n\t\t\t\t<div class=\"elementor-widget-container\">\n\t\t\t\t\t<h4 class=\"elementor-heading-title elementor-size-default\">Et d\u2019ateliers r\u00e9alis\u00e9s : \n<\/h4>\t\t\t\t<\/div>\n\t\t\t\t<\/div>\n\t\t\t\t<div class=\"elementor-element elementor-element-1800c23 elementor-icon-list--layout-traditional elementor-list-item-link-full_width elementor-widget elementor-widget-icon-list\" data-id=\"1800c23\" data-element_type=\"widget\" data-widget_type=\"icon-list.default\">\n\t\t\t\t<div class=\"elementor-widget-container\">\n\t\t\t\t\t\t\t<ul class=\"elementor-icon-list-items\">\n\t\t\t\t\t\t\t<li class=\"elementor-icon-list-item\">\n\t\t\t\t\t\t\t\t\t\t\t<span class=\"elementor-icon-list-icon\">\n\t\t\t\t\t\t\t<i aria-hidden=\"true\" class=\"fas fa-check\"><\/i>\t\t\t\t\t\t<\/span>\n\t\t\t\t\t\t\t\t\t\t<span class=\"elementor-icon-list-text\">\u00ab Voir autrement \u00bb : atelier sur la malvoyance<\/span>\n\t\t\t\t\t\t\t\t\t<\/li>\n\t\t\t\t\t\t\t\t<li class=\"elementor-icon-list-item\">\n\t\t\t\t\t\t\t\t\t\t\t<span class=\"elementor-icon-list-icon\">\n\t\t\t\t\t\t\t<i aria-hidden=\"true\" class=\"fas fa-check\"><\/i>\t\t\t\t\t\t<\/span>\n\t\t\t\t\t\t\t\t\t\t<span class=\"elementor-icon-list-text\">\u00ab Traverser le R\u00f6stigraben \u00bb : activit\u00e9s en tandem al\u00e9maniques-romands<\/span>\n\t\t\t\t\t\t\t\t\t<\/li>\n\t\t\t\t\t\t\t\t<li class=\"elementor-icon-list-item\">\n\t\t\t\t\t\t\t\t\t\t\t<span class=\"elementor-icon-list-icon\">\n\t\t\t\t\t\t\t<i aria-hidden=\"true\" class=\"fas fa-check\"><\/i>\t\t\t\t\t\t<\/span>\n\t\t\t\t\t\t\t\t\t\t<span class=\"elementor-icon-list-text\">\u00ab Energies durables \u00bb avec des visites et des rencontres de sp\u00e9cialistes<\/span>\n\t\t\t\t\t\t\t\t\t<\/li>\n\t\t\t\t\t\t\t\t<li class=\"elementor-icon-list-item\">\n\t\t\t\t\t\t\t\t\t\t\t<span class=\"elementor-icon-list-icon\">\n\t\t\t\t\t\t\t<i aria-hidden=\"true\" class=\"fas fa-check\"><\/i>\t\t\t\t\t\t<\/span>\n\t\t\t\t\t\t\t\t\t\t<span class=\"elementor-icon-list-text\">\u00ab Pr\u00e9servons l\u2019eau \u00bb avec des visites et des rencontres de sp\u00e9cialistes<\/span>\n\t\t\t\t\t\t\t\t\t<\/li>\n\t\t\t\t\t\t\t\t<li class=\"elementor-icon-list-item\">\n\t\t\t\t\t\t\t\t\t\t\t<span class=\"elementor-icon-list-icon\">\n\t\t\t\t\t\t\t<i aria-hidden=\"true\" class=\"fas fa-check\"><\/i>\t\t\t\t\t\t<\/span>\n\t\t\t\t\t\t\t\t\t\t<span class=\"elementor-icon-list-text\">\u00ab La nuit, la ville s\u2019anime \u00bb : rencontre avec des personnes travaillant dans diff\u00e9rents secteurs<\/span>\n\t\t\t\t\t\t\t\t\t<\/li>\n\t\t\t\t\t\t\t\t<li class=\"elementor-icon-list-item\">\n\t\t\t\t\t\t\t\t\t\t\t<span class=\"elementor-icon-list-icon\">\n\t\t\t\t\t\t\t<i aria-hidden=\"true\" class=\"fas fa-check\"><\/i>\t\t\t\t\t\t<\/span>\n\t\t\t\t\t\t\t\t\t\t<span class=\"elementor-icon-list-text\">\u00ab Histoire des d\u00e9couvertes en chimie \u00bb<\/span>\n\t\t\t\t\t\t\t\t\t<\/li>\n\t\t\t\t\t\t\t\t<li class=\"elementor-icon-list-item\">\n\t\t\t\t\t\t\t\t\t\t\t<span class=\"elementor-icon-list-icon\">\n\t\t\t\t\t\t\t<i aria-hidden=\"true\" class=\"fas fa-check\"><\/i>\t\t\t\t\t\t<\/span>\n\t\t\t\t\t\t\t\t\t\t<span class=\"elementor-icon-list-text\">\u00ab Pr\u00eats \u00e0 relever le d\u00e9fi ? \u00bb (sans ton natel)<\/span>\n\t\t\t\t\t\t\t\t\t<\/li>\n\t\t\t\t\t\t<\/ul>\n\t\t\t\t\t\t<\/div>\n\t\t\t\t<\/div>\n\t\t\t\t\t<\/div>\n\t\t<\/div>\n\t\t\t\t\t<\/div>\n\t\t<\/section>\n\t\t\t\t<\/div>\n\t\t","protected":false},"excerpt":{"rendered":"<p>Vie de l&rsquo;\u00e9cole &#8211; Journ\u00e9es th\u00e9matiques Journ\u00e9es th\u00e9matiques Revenir \u00e0 vie de l\u00e9cole Journ\u00e9es th\u00e9matiques A la fin du semestre d\u2019hiver, les \u00e9l\u00e8ves de 1re et 3e ann\u00e9e participent \u00e0 trois journ\u00e9es th\u00e9matiques. Ces journ\u00e9es ont pour objectifs d\u2019offrir une respiration entre les 2 semestres tout en favorisant la d\u00e9couverte de nouvelles comp\u00e9tences. C\u2019est aussi [&hellip;]<\/p>\n","protected":false},"author":1,"featured_media":0,"parent":510,"menu_order":0,"comment_status":"closed","ping_status":"closed","template":"","meta":{"site-sidebar-layout":"no-sidebar","site-content-layout":"page-builder","ast-site-content-layout":"default","site-content-style":"default","site-sidebar-style":"default","ast-global-header-display":"","ast-banner-title-visibility":"","ast-main-header-display":"","ast-hfb-above-header-display":"","ast-hfb-below-header-display":"","ast-hfb-mobile-header-display":"","site-post-title":"disabled","ast-breadcrumbs-content":"","ast-featured-img":"disabled","footer-sml-layout":"","ast-disable-related-posts":"","theme-transparent-header-meta":"","adv-header-id-meta":"","stick-header-meta":"","header-above-stick-meta":"","header-main-stick-meta":"","header-below-stick-meta":"","astra-migrate-meta-layouts":"default","ast-page-background-enabled":"default","ast-page-background-meta":{"desktop":{"background-color":"var(--ast-global-color-4)","background-image":"","background-repeat":"repeat","background-position":"center center","background-size":"auto","background-attachment":"scroll","background-type":"","background-media":"","overlay-type":"","overlay-color":"","overlay-opacity":"","overlay-gradient":""},"tablet":{"background-color":"","background-image":"","background-repeat":"repeat","background-position":"center center","background-size":"auto","background-attachment":"scroll","background-type":"","background-media":"","overlay-type":"","overlay-color":"","overlay-opacity":"","overlay-gradient":""},"mobile":{"background-color":"","background-image":"","background-repeat":"repeat","background-position":"center center","background-size":"auto","background-attachment":"scroll","background-type":"","background-media":"","overlay-type":"","overlay-color":"","overlay-opacity":"","overlay-gradient":""}},"ast-content-background-meta":{"desktop":{"background-color":"var(--ast-global-color-5)","background-image":"","background-repeat":"repeat","background-position":"center center","background-size":"auto","background-attachment":"scroll","background-type":"","background-media":"","overlay-type":"","overlay-color":"","overlay-opacity":"","overlay-gradient":""},"tablet":{"background-color":"var(--ast-global-color-5)","background-image":"","background-repeat":"repeat","background-position":"center center","background-size":"auto","background-attachment":"scroll","background-type":"","background-media":"","overlay-type":"","overlay-color":"","overlay-opacity":"","overlay-gradient":""},"mobile":{"background-color":"var(--ast-global-color-5)","background-image":"","background-repeat":"repeat","background-position":"center center","background-size":"auto","background-attachment":"scroll","background-type":"","background-media":"","overlay-type":"","overlay-color":"","overlay-opacity":"","overlay-gradient":""}},"footnotes":""},"class_list":["post-1202","page","type-page","status-publish","hentry"],"_links":{"self":[{"href":"https:\/\/www.ecgffr.ch\/fr\/wp-json\/wp\/v2\/pages\/1202","targetHints":{"allow":["GET"]}}],"collection":[{"href":"https:\/\/www.ecgffr.ch\/fr\/wp-json\/wp\/v2\/pages"}],"about":[{"href":"https:\/\/www.ecgffr.ch\/fr\/wp-json\/wp\/v2\/types\/page"}],"author":[{"embeddable":true,"href":"https:\/\/www.ecgffr.ch\/fr\/wp-json\/wp\/v2\/users\/1"}],"replies":[{"embeddable":true,"href":"https:\/\/www.ecgffr.ch\/fr\/wp-json\/wp\/v2\/comments?post=1202"}],"version-history":[{"count":9,"href":"https:\/\/www.ecgffr.ch\/fr\/wp-json\/wp\/v2\/pages\/1202\/revisions"}],"predecessor-version":[{"id":14582,"href":"https:\/\/www.ecgffr.ch\/fr\/wp-json\/wp\/v2\/pages\/1202\/revisions\/14582"}],"up":[{"embeddable":true,"href":"https:\/\/www.ecgffr.ch\/fr\/wp-json\/wp\/v2\/pages\/510"}],"wp:attachment":[{"href":"https:\/\/www.ecgffr.ch\/fr\/wp-json\/wp\/v2\/media?parent=1202"}],"curies":[{"name":"wp","href":"https:\/\/api.w.org\/{rel}","templated":true}]}}