{"id":1215,"date":"2022-12-13T15:35:17","date_gmt":"2022-12-13T14:35:17","guid":{"rendered":"http:\/\/www.ecgffr.ch\/?page_id=1215"},"modified":"2025-01-30T13:58:48","modified_gmt":"2025-01-30T12:58:48","slug":"activites-stp","status":"publish","type":"page","link":"https:\/\/www.ecgffr.ch\/fr\/vie-de-lecole\/activites-stp\/","title":{"rendered":"Activit\u00e9s STP"},"content":{"rendered":"\t\t<div data-elementor-type=\"wp-page\" data-elementor-id=\"1215\" class=\"elementor elementor-1215\" data-elementor-post-type=\"page\">\n\t\t\t\t\t\t<section class=\"elementor-section elementor-top-section elementor-element elementor-element-13c26e6 elementor-section-height-min-height elementor-section-boxed elementor-section-height-default elementor-section-items-middle\" data-id=\"13c26e6\" data-element_type=\"section\" data-settings=\"{&quot;background_background&quot;:&quot;classic&quot;}\">\n\t\t\t\t\t\t\t<div class=\"elementor-background-overlay\"><\/div>\n\t\t\t\t\t\t\t<div class=\"elementor-container elementor-column-gap-default\">\n\t\t\t\t\t<div class=\"elementor-column elementor-col-100 elementor-top-column elementor-element elementor-element-ff95641\" data-id=\"ff95641\" data-element_type=\"column\">\n\t\t\t<div class=\"elementor-widget-wrap elementor-element-populated\">\n\t\t\t\t\t\t<div class=\"elementor-element elementor-element-c754e65 elementor-widget elementor-widget-heading\" data-id=\"c754e65\" data-element_type=\"widget\" data-widget_type=\"heading.default\">\n\t\t\t\t<div class=\"elementor-widget-container\">\n\t\t\t\t\t<h4 class=\"elementor-heading-title elementor-size-default\">Vie de l'\u00e9cole <\/h4>\t\t\t\t<\/div>\n\t\t\t\t<\/div>\n\t\t\t\t<div class=\"elementor-element elementor-element-0f237c6 elementor-widget elementor-widget-heading\" data-id=\"0f237c6\" data-element_type=\"widget\" data-widget_type=\"heading.default\">\n\t\t\t\t<div class=\"elementor-widget-container\">\n\t\t\t\t\t<h1 class=\"elementor-heading-title elementor-size-default\">Activit\u00e9s Sant\u00e9 \/ Travail social \/ P\u00e9dagogie<\/h1>\t\t\t\t<\/div>\n\t\t\t\t<\/div>\n\t\t\t\t<div class=\"elementor-element elementor-element-1620e9b elementor-icon-list--layout-inline elementor-align-center elementor-list-item-link-full_width elementor-widget elementor-widget-icon-list\" data-id=\"1620e9b\" data-element_type=\"widget\" data-widget_type=\"icon-list.default\">\n\t\t\t\t<div class=\"elementor-widget-container\">\n\t\t\t\t\t\t\t<ul class=\"elementor-icon-list-items elementor-inline-items\">\n\t\t\t\t\t\t\t<li class=\"elementor-icon-list-item elementor-inline-item\">\n\t\t\t\t\t\t\t\t\t\t\t<a href=\"https:\/\/www.ecgffr.ch\/fr\/vie-de-lecole\/\">\n\n\t\t\t\t\t\t\t\t\t\t\t\t<span class=\"elementor-icon-list-icon\">\n\t\t\t\t\t\t\t<i aria-hidden=\"true\" class=\"fas fa-long-arrow-alt-left\"><\/i>\t\t\t\t\t\t<\/span>\n\t\t\t\t\t\t\t\t\t\t<span class=\"elementor-icon-list-text\">Revenir \u00e0 vie de l\u00e9cole<\/span>\n\t\t\t\t\t\t\t\t\t\t\t<\/a>\n\t\t\t\t\t\t\t\t\t<\/li>\n\t\t\t\t\t\t<\/ul>\n\t\t\t\t\t\t<\/div>\n\t\t\t\t<\/div>\n\t\t\t\t\t<\/div>\n\t\t<\/div>\n\t\t\t\t\t<\/div>\n\t\t<\/section>\n\t\t<div class=\"elementor-element elementor-element-3ab3911 e-flex e-con-boxed e-con e-parent\" data-id=\"3ab3911\" data-element_type=\"container\">\n\t\t\t\t\t<div class=\"e-con-inner\">\n\t\t\t\t<div class=\"elementor-element elementor-element-6728ac8 e-n-tabs-mobile elementor-widget elementor-widget-n-tabs\" data-id=\"6728ac8\" data-element_type=\"widget\" data-settings=\"{&quot;horizontal_scroll&quot;:&quot;disable&quot;}\" data-widget_type=\"nested-tabs.default\">\n\t\t\t\t<div class=\"elementor-widget-container\">\n\t\t\t\t\t\t\t<div class=\"e-n-tabs\" data-widget-number=\"108169928\" aria-label=\"Onglets. Ouvrez des \u00e9l\u00e9ments avec Entrer ou Espace, fermez-les avec Echape et naviguez \u00e0 l&#039;aide des touches fl\u00e9ch\u00e9es.\">\n\t\t\t<div class=\"e-n-tabs-heading\" role=\"tablist\">\n\t\t\t\t\t<button id=\"e-n-tab-title-1081699281\" data-tab-title-id=\"e-n-tab-title-1081699281\" class=\"e-n-tab-title\" aria-selected=\"true\" data-tab-index=\"1\" role=\"tab\" tabindex=\"0\" aria-controls=\"e-n-tab-content-1081699281\" style=\"--n-tabs-title-order: 1;\">\n\t\t\t\t\t\t<span class=\"e-n-tab-title-text\">\n\t\t\t\tHandicap mental CREAHM\t\t\t<\/span>\n\t\t<\/button>\n\t\t\t\t<button id=\"e-n-tab-title-1081699282\" data-tab-title-id=\"e-n-tab-title-1081699282\" class=\"e-n-tab-title\" aria-selected=\"false\" data-tab-index=\"2\" role=\"tab\" tabindex=\"-1\" aria-controls=\"e-n-tab-content-1081699282\" style=\"--n-tabs-title-order: 2;\">\n\t\t\t\t\t\t<span class=\"e-n-tab-title-text\">\n\t\t\t\tHandicap mental La Rosi\u00e8re\t\t\t<\/span>\n\t\t<\/button>\n\t\t\t\t<button id=\"e-n-tab-title-1081699283\" data-tab-title-id=\"e-n-tab-title-1081699283\" class=\"e-n-tab-title\" aria-selected=\"false\" data-tab-index=\"3\" role=\"tab\" tabindex=\"-1\" aria-controls=\"e-n-tab-content-1081699283\" style=\"--n-tabs-title-order: 3;\">\n\t\t\t\t\t\t<span class=\"e-n-tab-title-text\">\n\t\t\t\tHandicap physique Nottwil\t\t\t<\/span>\n\t\t<\/button>\n\t\t\t\t<button id=\"e-n-tab-title-1081699284\" data-tab-title-id=\"e-n-tab-title-1081699284\" class=\"e-n-tab-title\" aria-selected=\"false\" data-tab-index=\"4\" role=\"tab\" tabindex=\"-1\" aria-controls=\"e-n-tab-content-1081699284\" style=\"--n-tabs-title-order: 4;\">\n\t\t\t\t\t\t<span class=\"e-n-tab-title-text\">\n\t\t\t\tJourn\u00e9e des ain\u00e9s\t\t\t<\/span>\n\t\t<\/button>\n\t\t\t\t<button id=\"e-n-tab-title-1081699285\" data-tab-title-id=\"e-n-tab-title-1081699285\" class=\"e-n-tab-title\" aria-selected=\"false\" data-tab-index=\"5\" role=\"tab\" tabindex=\"-1\" aria-controls=\"e-n-tab-content-1081699285\" style=\"--n-tabs-title-order: 5;\">\n\t\t\t\t\t\t<span class=\"e-n-tab-title-text\">\n\t\t\t\tMorat Fribourg\t\t\t<\/span>\n\t\t<\/button>\n\t\t\t\t\t<\/div>\n\t\t\t<div class=\"e-n-tabs-content\">\n\t\t\t\t<div id=\"e-n-tab-content-1081699281\" role=\"tabpanel\" aria-labelledby=\"e-n-tab-title-1081699281\" data-tab-index=\"1\" style=\"--n-tabs-title-order: 1;\" class=\"e-active elementor-element elementor-element-223151a e-con-full e-flex e-con e-child\" data-id=\"223151a\" data-element_type=\"container\">\n\t\t\t\t<div class=\"elementor-element elementor-element-784fe2d elementor-widget elementor-widget-text-editor\" data-id=\"784fe2d\" data-element_type=\"widget\" data-widget_type=\"text-editor.default\">\n\t\t\t\t<div class=\"elementor-widget-container\">\n\t\t\t\t\t\t\t\t\t<section class=\"elementor-section elementor-inner-section elementor-element elementor-element-2f9181b2 elementor-section-boxed elementor-section-height-default elementor-section-height-default\" data-particle_enable=\"false\" data-particle-mobile-disabled=\"false\" data-id=\"2f9181b2\" data-element_type=\"section\"><div class=\"elementor-container elementor-column-gap-default\"><div class=\"elementor-column elementor-col-100 elementor-inner-column elementor-element elementor-element-31daf434\" data-id=\"31daf434\" data-element_type=\"column\"><div class=\"elementor-widget-wrap elementor-element-populated\"><div class=\"elementor-element elementor-element-11731583 elementor-widget elementor-widget-heading\" data-id=\"11731583\" data-element_type=\"widget\" data-widget_type=\"heading.default\"><div class=\"elementor-widget-container\"><h4 class=\"elementor-heading-title elementor-size-default\">Sensibilisation du handicap<\/h4><p>\u00a0<\/p><\/div><\/div><div class=\"elementor-element elementor-element-3cf2ab4e elementor-widget elementor-widget-heading\" data-id=\"3cf2ab4e\" data-element_type=\"widget\" data-widget_type=\"heading.default\"><div class=\"elementor-widget-container\"><h3 class=\"elementor-heading-title elementor-size-default\">La journ\u00e9e \u00ab approche du handicap mental \u00bb est r\u00e9alis\u00e9e en collaboration avec l\u2019Association CREAHM, qui g\u00e8re un atelier d\u2019art diff\u00e9renci\u00e9 \u00e0 Villars-sur-Gl\u00e2ne.<\/h3><p>\u00a0<\/p><\/div><\/div><div class=\"elementor-element elementor-element-534222b elementor-widget elementor-widget-text-editor\" data-id=\"534222b\" data-element_type=\"widget\" data-widget_type=\"text-editor.default\"><div class=\"elementor-widget-container\"><p>Lors de cette journ\u00e9e, les responsables de l\u2019Association expliquent d\u2019abord le fonctionnement de l\u2019atelier et d\u00e9crivent les diff\u00e9rents types d\u2019art brut. Ensuite, les artistes en situation de handicap sont convi\u00e9s \u00e0 expliquer leur d\u00e9marche artistique et \u00e0 pr\u00e9senter leurs \u0153uvres. Enfin, les \u00e9l\u00e8ves choisissent une \u0153uvre, puis tentent de la recopier en utilisant les m\u00eames techniques que l\u2019artiste.<\/p><\/div><\/div><\/div><\/div><\/div><\/section><section class=\"elementor-section elementor-inner-section elementor-element elementor-element-43e34fb elementor-section-boxed elementor-section-height-default elementor-section-height-default\" data-particle_enable=\"false\" data-particle-mobile-disabled=\"false\" data-id=\"43e34fb\" data-element_type=\"section\"><div class=\"elementor-container elementor-column-gap-default\"><div class=\"elementor-column elementor-col-100 elementor-inner-column elementor-element elementor-element-69307e3\" data-id=\"69307e3\" data-element_type=\"column\"><div class=\"elementor-widget-wrap elementor-element-populated\"><div class=\"elementor-element elementor-element-1ced677 elementor-widget elementor-widget-image\" data-id=\"1ced677\" data-element_type=\"widget\" data-widget_type=\"image.default\"><div class=\"elementor-widget-container\"><picture class=\"attachment-full size-full wp-image-1225\"><source srcset=\"https:\/\/www.ecgffr.ch\/wp-content\/uploads\/2022\/12\/handicapmental1.jpg.webp 600w, https:\/\/www.ecgffr.ch\/wp-content\/uploads\/2022\/12\/handicapmental1-300x199.jpg.webp 300w\" type=\"image\/webp\" sizes=\"(max-width: 600px) 100vw, 600px\" \/><img fetchpriority=\"high\" decoding=\"async\" src=\"https:\/\/www.ecgffr.ch\/wp-content\/uploads\/2022\/12\/handicapmental1.jpg\" sizes=\"(max-width: 600px) 100vw, 600px\" srcset=\"https:\/\/www.ecgffr.ch\/wp-content\/uploads\/2022\/12\/handicapmental1.jpg 600w, https:\/\/www.ecgffr.ch\/wp-content\/uploads\/2022\/12\/handicapmental1-300x199.jpg 300w\" alt=\"\" width=\"600\" height=\"397\" \/><\/picture><\/div><\/div><\/div><\/div><\/div><\/section>\t\t\t\t\t\t\t\t<\/div>\n\t\t\t\t<\/div>\n\t\t\t\t<\/div>\n\t\t<div id=\"e-n-tab-content-1081699282\" role=\"tabpanel\" aria-labelledby=\"e-n-tab-title-1081699282\" data-tab-index=\"2\" style=\"--n-tabs-title-order: 2;\" class=\" elementor-element elementor-element-ae5619d e-con-full e-flex e-con e-child\" data-id=\"ae5619d\" data-element_type=\"container\">\n\t\t\t\t<div class=\"elementor-element elementor-element-a29709e elementor-widget elementor-widget-text-editor\" data-id=\"a29709e\" data-element_type=\"widget\" data-widget_type=\"text-editor.default\">\n\t\t\t\t<div class=\"elementor-widget-container\">\n\t\t\t\t\t\t\t\t\t<section class=\"elementor-section elementor-inner-section elementor-element elementor-element-3d86c25c elementor-section-boxed elementor-section-height-default elementor-section-height-default\" data-particle_enable=\"false\" data-particle-mobile-disabled=\"false\" data-id=\"3d86c25c\" data-element_type=\"section\"><div class=\"elementor-container elementor-column-gap-default\"><div class=\"elementor-column elementor-col-100 elementor-inner-column elementor-element elementor-element-2e4dd6ae\" data-id=\"2e4dd6ae\" data-element_type=\"column\"><div class=\"elementor-widget-wrap elementor-element-populated\"><div class=\"elementor-element elementor-element-52550db9 elementor-widget elementor-widget-heading\" data-id=\"52550db9\" data-element_type=\"widget\" data-widget_type=\"heading.default\"><div class=\"elementor-widget-container\"><h4 class=\"elementor-heading-title elementor-size-default\">Sensibilisation du handicap<\/h4><div>\u00a0<\/div><\/div><\/div><div class=\"elementor-element elementor-element-6fabeb5f elementor-widget elementor-widget-heading\" data-id=\"6fabeb5f\" data-element_type=\"widget\" data-widget_type=\"heading.default\"><div class=\"elementor-widget-container\"><h3 class=\"elementor-heading-title elementor-size-default\">La journ\u00e9e \u00ab approche du handicap mental \u00bb est r\u00e9alis\u00e9e en collaboration avec la Fondation la Rosi\u00e8re qui g\u00e8re des ateliers prot\u00e9g\u00e9s \u00e0 Estavayer-le-Lac et le COEPS, Centre \u0153cum\u00e9nique de pastorale sp\u00e9cialis\u00e9e, pr\u00e9sent dans une vingtaine d\u2019institutions pour personnes en situation de handicap adultes ou enfants<\/h3><div>\u00a0<\/div><\/div><\/div><div class=\"elementor-element elementor-element-18bfe9c0 elementor-icon-list--layout-traditional elementor-list-item-link-full_width elementor-widget elementor-widget-icon-list\" data-id=\"18bfe9c0\" data-element_type=\"widget\" data-widget_type=\"icon-list.default\"><div class=\"elementor-widget-container\"><ul class=\"elementor-icon-list-items\"><li class=\"elementor-icon-list-item\"><i class=\"fas fa-arrow-right\" aria-hidden=\"true\"><\/i><span class=\"elementor-icon-list-text\">Lors de cette journ\u00e9e, les responsables du COEPS animent diff\u00e9rents ateliers autour de la th\u00e9matique du jeu et de la musique.<\/span><\/li><li class=\"elementor-icon-list-item\"><span class=\"elementor-icon-list-text\">\u00a0<\/span><\/li><li class=\"elementor-icon-list-item\"><i class=\"fas fa-arrow-right\" aria-hidden=\"true\"><\/i><span class=\"elementor-icon-list-text\">Les \u00e9l\u00e8ves sont plac\u00e9s dans des groupes et effectuent des t\u00e2ches en collaboration avec des personnes de la Fondation.<\/span><\/li><li class=\"elementor-icon-list-item\"><span class=\"elementor-icon-list-text\">\u00a0<\/span><\/li><li class=\"elementor-icon-list-item\"><i class=\"fas fa-arrow-right\" aria-hidden=\"true\"><\/i><span class=\"elementor-icon-list-text\">Pour achever leur jeu ou produire un chant, les \u00e9l\u00e8ves ont besoin d\u2019entrer en communication avec les personnes en situation de handicap : le jeu et la\u00a0<\/span><\/li><li class=\"elementor-icon-list-item\"><span class=\"elementor-icon-list-text\">musique deviennent un pr\u00e9texte qui permet de briser la glace et de favoriser les contacts et les \u00e9changes.<\/span><\/li><\/ul><\/div><\/div><\/div><\/div><\/div><\/section><section class=\"elementor-section elementor-inner-section elementor-element elementor-element-bcb0ab6 elementor-section-boxed elementor-section-height-default elementor-section-height-default\" data-particle_enable=\"false\" data-particle-mobile-disabled=\"false\" data-id=\"bcb0ab6\" data-element_type=\"section\"><div class=\"elementor-container elementor-column-gap-default\"><div class=\"elementor-column elementor-col-100 elementor-inner-column elementor-element elementor-element-fb88ab1\" data-id=\"fb88ab1\" data-element_type=\"column\"><div class=\"elementor-widget-wrap elementor-element-populated\"><div class=\"elementor-element elementor-element-1a875a5 elementor-widget elementor-widget-image\" data-id=\"1a875a5\" data-element_type=\"widget\" data-widget_type=\"image.default\"><div class=\"elementor-widget-container\"><picture class=\"attachment-full size-full wp-image-1226\"><source srcset=\"https:\/\/www.ecgffr.ch\/wp-content\/uploads\/2022\/12\/handicapmental2.jpg.webp 600w, https:\/\/www.ecgffr.ch\/wp-content\/uploads\/2022\/12\/handicapmental2-300x199.jpg.webp 300w\" type=\"image\/webp\" sizes=\"(max-width: 600px) 100vw, 600px\" \/><img decoding=\"async\" src=\"https:\/\/www.ecgffr.ch\/wp-content\/uploads\/2022\/12\/handicapmental2.jpg\" sizes=\"(max-width: 600px) 100vw, 600px\" srcset=\"https:\/\/www.ecgffr.ch\/wp-content\/uploads\/2022\/12\/handicapmental2.jpg 600w, https:\/\/www.ecgffr.ch\/wp-content\/uploads\/2022\/12\/handicapmental2-300x199.jpg 300w\" alt=\"\" width=\"600\" height=\"397\" \/><\/picture><\/div><\/div><\/div><\/div><\/div><\/section>\t\t\t\t\t\t\t\t<\/div>\n\t\t\t\t<\/div>\n\t\t\t\t<\/div>\n\t\t<div id=\"e-n-tab-content-1081699283\" role=\"tabpanel\" aria-labelledby=\"e-n-tab-title-1081699283\" data-tab-index=\"3\" style=\"--n-tabs-title-order: 3;\" class=\" elementor-element elementor-element-c1a2de9 e-con-full e-flex e-con e-child\" data-id=\"c1a2de9\" data-element_type=\"container\">\n\t\t\t\t<div class=\"elementor-element elementor-element-627dc7d elementor-widget elementor-widget-text-editor\" data-id=\"627dc7d\" data-element_type=\"widget\" data-widget_type=\"text-editor.default\">\n\t\t\t\t<div class=\"elementor-widget-container\">\n\t\t\t\t\t\t\t\t\t<p>La journ\u00e9e \u00ab approche du handicap physique \u00bb permet une immersion dans la vie de personnes \u00e0 mobilit\u00e9 r\u00e9duite.<br \/><br \/>Apr\u00e8s une partie th\u00e9orique introductive, nos \u00e9l\u00e8ves r\u00e9alisent au contact d\u2019usagers du Centre suisse des parapl\u00e9giques de Nottwil diff\u00e9rentes activit\u00e9s en fauteuil roulant.<br \/><br \/>Ils prennent ainsi conscience de certaines difficult\u00e9s rencontr\u00e9es au quotidien.<\/p>\t\t\t\t\t\t\t\t<\/div>\n\t\t\t\t<\/div>\n\t\t\t\t<\/div>\n\t\t<div id=\"e-n-tab-content-1081699284\" role=\"tabpanel\" aria-labelledby=\"e-n-tab-title-1081699284\" data-tab-index=\"4\" style=\"--n-tabs-title-order: 4;\" class=\" elementor-element elementor-element-3fb142d e-con-full e-flex e-con e-child\" data-id=\"3fb142d\" data-element_type=\"container\">\n\t\t\t\t<div class=\"elementor-element elementor-element-553dd21 elementor-widget elementor-widget-text-editor\" data-id=\"553dd21\" data-element_type=\"widget\" data-widget_type=\"text-editor.default\">\n\t\t\t\t<div class=\"elementor-widget-container\">\n\t\t\t\t\t\t\t\t\t<section class=\"elementor-section elementor-inner-section elementor-element elementor-element-45405816 elementor-section-boxed elementor-section-height-default elementor-section-height-default\" data-particle_enable=\"false\" data-particle-mobile-disabled=\"false\" data-id=\"45405816\" data-element_type=\"section\"><div class=\"elementor-container elementor-column-gap-default\"><div class=\"elementor-column elementor-col-100 elementor-inner-column elementor-element elementor-element-6d2f29f2\" data-id=\"6d2f29f2\" data-element_type=\"column\"><div class=\"elementor-widget-wrap elementor-element-populated\"><div class=\"elementor-element elementor-element-3d9e6c elementor-widget elementor-widget-heading\" data-id=\"3d9e6c\" data-element_type=\"widget\" data-widget_type=\"heading.default\"><div class=\"elementor-widget-container\"><h4 class=\"elementor-heading-title elementor-size-default\">Journ\u00e9e des a\u00een\u00e9s<\/h4><div>\u00a0<\/div><\/div><\/div><div class=\"elementor-element elementor-element-4c41fd8a elementor-widget elementor-widget-heading\" data-id=\"4c41fd8a\" data-element_type=\"widget\" data-widget_type=\"heading.default\"><div class=\"elementor-widget-container\"><h3 class=\"elementor-heading-title elementor-size-default\">Notre \u00e9cole, qui forme notamment des jeunes dans les domaines de la sant\u00e9 et du travail social, tient \u00e0 c\u0153ur de privil\u00e9gier les contacts entre les g\u00e9n\u00e9rations.<\/h3><div>\u00a0<\/div><\/div><\/div><div class=\"elementor-element elementor-element-682a3c73 elementor-widget elementor-widget-text-editor\" data-id=\"682a3c73\" data-element_type=\"widget\" data-widget_type=\"text-editor.default\"><div class=\"elementor-widget-container\">Ainsi l\u2019ECGF organise un apr\u00e8s-midi d\u2019\u00e9change entre les \u00e9l\u00e8ves de 2e et des A\u00een\u00e9s, soit des personnes de plus de 60 ans.<\/div><div class=\"elementor-widget-container\">\u00a0<\/div><\/div><div class=\"elementor-element elementor-element-30e92de elementor-icon-list--layout-traditional elementor-list-item-link-full_width elementor-widget elementor-widget-icon-list\" data-id=\"30e92de\" data-element_type=\"widget\" data-widget_type=\"icon-list.default\"><div class=\"elementor-widget-container\"><ul class=\"elementor-icon-list-items\"><li class=\"elementor-icon-list-item\"><i class=\"fas fa-arrow-right\" aria-hidden=\"true\"><\/i><span class=\"elementor-icon-list-text\">\u00a0Dans chaque classe de 2e ann\u00e9e, quelques \u00e9l\u00e8ves proposent d\u2019inviter un A\u00een\u00e9 de leur entourage qui serait d\u2019accord de passer un vendredi apr\u00e8s-midi fin\u00a0<\/span><\/li><li class=\"elementor-icon-list-item\"><span class=\"elementor-icon-list-text\">septembre avec l\u2019ensemble des camarades de la classe (le 1er octobre \u00e9tant la Journ\u00e9e internationale des personnes \u00e2g\u00e9es).<\/span><\/li><li class=\"elementor-icon-list-item\"><span class=\"elementor-icon-list-text\">\u00a0<\/span><\/li><li class=\"elementor-icon-list-item\"><i class=\"fas fa-arrow-right\" aria-hidden=\"true\"><\/i><span class=\"elementor-icon-list-text\">\u00a0Ces A\u00een\u00e9s peuvent \u00eatre toutes personnes (grands-parents, arri\u00e8re-grands-parents, voisin-e-s, ami-e-s\u2026) ayant des souvenirs, des exp\u00e9riences de vie,\u00a0<\/span><\/li><li class=\"elementor-icon-list-item\"><span class=\"elementor-icon-list-text\">qu\u2019ils d\u00e9sirent partager avec des jeunes.<\/span><\/li><\/ul><\/div><\/div><\/div><\/div><\/div><\/section><section class=\"elementor-section elementor-inner-section elementor-element elementor-element-afd86c5 elementor-section-boxed elementor-section-height-default elementor-section-height-default\" data-particle_enable=\"false\" data-particle-mobile-disabled=\"false\" data-id=\"afd86c5\" data-element_type=\"section\"><div class=\"elementor-container elementor-column-gap-default\"><div class=\"elementor-column elementor-col-100 elementor-inner-column elementor-element elementor-element-b7a162a\" data-id=\"b7a162a\" data-element_type=\"column\"><div class=\"elementor-widget-wrap elementor-element-populated\"><div class=\"elementor-element elementor-element-295a449 elementor-widget elementor-widget-image\" data-id=\"295a449\" data-element_type=\"widget\" data-widget_type=\"image.default\"><div class=\"elementor-widget-container\"><picture class=\"attachment-full size-full wp-image-1217\"><source srcset=\"https:\/\/www.ecgffr.ch\/wp-content\/uploads\/2022\/12\/aines.jpg.webp 598w, https:\/\/www.ecgffr.ch\/wp-content\/uploads\/2022\/12\/aines-300x199.jpg.webp 300w\" type=\"image\/webp\" sizes=\"(max-width: 598px) 100vw, 598px\" \/><img decoding=\"async\" src=\"https:\/\/www.ecgffr.ch\/wp-content\/uploads\/2022\/12\/aines.jpg\" sizes=\"(max-width: 598px) 100vw, 598px\" srcset=\"https:\/\/www.ecgffr.ch\/wp-content\/uploads\/2022\/12\/aines.jpg 598w, https:\/\/www.ecgffr.ch\/wp-content\/uploads\/2022\/12\/aines-300x199.jpg 300w\" alt=\"\" width=\"598\" height=\"396\" \/><\/picture><\/div><\/div><\/div><\/div><\/div><\/section>\t\t\t\t\t\t\t\t<\/div>\n\t\t\t\t<\/div>\n\t\t\t\t<\/div>\n\t\t<div id=\"e-n-tab-content-1081699285\" role=\"tabpanel\" aria-labelledby=\"e-n-tab-title-1081699285\" data-tab-index=\"5\" style=\"--n-tabs-title-order: 5;\" class=\" elementor-element elementor-element-23f587f e-con-full e-flex e-con e-child\" data-id=\"23f587f\" data-element_type=\"container\">\n\t\t\t\t<div class=\"elementor-element elementor-element-df133b8 elementor-widget elementor-widget-text-editor\" data-id=\"df133b8\" data-element_type=\"widget\" data-widget_type=\"text-editor.default\">\n\t\t\t\t<div class=\"elementor-widget-container\">\n\t\t\t\t\t\t\t\t\t<section class=\"elementor-section elementor-inner-section elementor-element elementor-element-45405816 elementor-section-boxed elementor-section-height-default elementor-section-height-default\" data-particle_enable=\"false\" data-particle-mobile-disabled=\"false\" data-id=\"45405816\" data-element_type=\"section\">\n<div class=\"elementor-container elementor-column-gap-default\">\n<div class=\"elementor-column elementor-col-100 elementor-inner-column elementor-element elementor-element-6d2f29f2\" data-id=\"6d2f29f2\" data-element_type=\"column\">\n<div class=\"elementor-widget-wrap elementor-element-populated\">\n<div class=\"elementor-element elementor-element-3d9e6c elementor-widget elementor-widget-heading\" data-id=\"3d9e6c\" data-element_type=\"widget\" data-widget_type=\"heading.default\">\n<div class=\"elementor-widget-container\">\n<div class=\"elementor-column elementor-col-50 elementor-inner-column elementor-element elementor-element-1519a874\" data-id=\"1519a874\" data-element_type=\"column\">\n<div class=\"elementor-widget-wrap elementor-element-populated\">\n<div class=\"elementor-element elementor-element-da03303 elementor-widget elementor-widget-heading\" data-id=\"da03303\" data-element_type=\"widget\" data-widget_type=\"heading.default\">\n<div class=\"elementor-widget-container\">\n<h2 class=\"elementor-heading-title elementor-size-default\">Morat &#8211; Fribourg<\/h2>\n<\/div>\n<\/div>\n<div class=\"elementor-element elementor-element-4d91ee8d elementor-widget elementor-widget-text-editor\" data-id=\"4d91ee8d\" data-element_type=\"widget\" data-widget_type=\"text-editor.default\">\n<div class=\"elementor-widget-container\"><p>Participer \u00e0 la course comm\u00e9morative Morat-Fribourg, c\u2019est promouvoir la sant\u00e9 par le sport qui est une mission de notre Ecole.<\/p><p><br><\/p>\n<p>A la course ou \u00e0 la marche, sur le parcours entier ou depuis Courtepin, chacun adapte son effort et trouve son plaisir.<\/p><p><br><\/p><\/div>\n<\/div>\n<\/div>\n<\/div>\n<div class=\"elementor-column elementor-col-50 elementor-inner-column elementor-element elementor-element-6ae80fe1\" data-id=\"6ae80fe1\" data-element_type=\"column\">\n<div class=\"elementor-widget-wrap elementor-element-populated\">\n<div class=\"elementor-element elementor-element-44862d83 elementor-widget elementor-widget-image\" data-id=\"44862d83\" data-element_type=\"widget\" data-widget_type=\"image.default\">\n<div class=\"elementor-widget-container\"><picture class=\"attachment-full size-full wp-image-6221\"><source srcset=\"https:\/\/www.ecgffr.ch\/wp-content\/uploads\/2023\/06\/course_morat-scaled.jpg.webp 2560w, https:\/\/www.ecgffr.ch\/wp-content\/uploads\/2023\/06\/course_morat-300x200.jpg.webp 300w, https:\/\/www.ecgffr.ch\/wp-content\/uploads\/2023\/06\/course_morat-1024x683.jpg.webp 1024w, https:\/\/www.ecgffr.ch\/wp-content\/uploads\/2023\/06\/course_morat-768x512.jpg.webp 768w, https:\/\/www.ecgffr.ch\/wp-content\/uploads\/2023\/06\/course_morat-1536x1024.jpg.webp 1536w, https:\/\/www.ecgffr.ch\/wp-content\/uploads\/2023\/06\/course_morat-2048x1365.jpg.webp 2048w\" type=\"image\/webp\" sizes=\"(max-width: 2560px) 100vw, 2560px\"><img loading=\"lazy\" decoding=\"async\" src=\"https:\/\/www.ecgffr.ch\/wp-content\/uploads\/2023\/06\/course_morat-scaled.jpg\" sizes=\"(max-width: 2560px) 100vw, 2560px\" srcset=\"https:\/\/www.ecgffr.ch\/wp-content\/uploads\/2023\/06\/course_morat-scaled.jpg 2560w, https:\/\/www.ecgffr.ch\/wp-content\/uploads\/2023\/06\/course_morat-300x200.jpg 300w, https:\/\/www.ecgffr.ch\/wp-content\/uploads\/2023\/06\/course_morat-1024x683.jpg 1024w, https:\/\/www.ecgffr.ch\/wp-content\/uploads\/2023\/06\/course_morat-768x512.jpg 768w, https:\/\/www.ecgffr.ch\/wp-content\/uploads\/2023\/06\/course_morat-1536x1024.jpg 1536w, https:\/\/www.ecgffr.ch\/wp-content\/uploads\/2023\/06\/course_morat-2048x1365.jpg 2048w\" alt=\"\" width=\"2560\" height=\"1707\"><\/picture><\/div>\n<\/div>\n<\/div>\n<\/div>\n<\/div>\n<\/div>\n<\/div>\n<\/div>\n<\/div>\n<\/section>\t\t\t\t\t\t\t\t<\/div>\n\t\t\t\t<\/div>\n\t\t\t\t<\/div>\n\t\t\t\t\t<\/div>\n\t\t<\/div>\n\t\t\t\t\t\t<\/div>\n\t\t\t\t<\/div>\n\t\t\t\t\t<\/div>\n\t\t\t\t<\/div>\n\t\t\t\t<\/div>\n\t\t","protected":false},"excerpt":{"rendered":"<p>Vie de l&rsquo;\u00e9cole Activit\u00e9s Sant\u00e9 \/ Travail social \/ P\u00e9dagogie Revenir \u00e0 vie de l\u00e9cole Handicap mental CREAHM Handicap mental La Rosi\u00e8re Handicap physique Nottwil Journ\u00e9e des ain\u00e9s Morat Fribourg Sensibilisation du handicap \u00a0 La journ\u00e9e \u00ab approche du handicap mental \u00bb est r\u00e9alis\u00e9e en collaboration avec l\u2019Association CREAHM, qui g\u00e8re un atelier d\u2019art diff\u00e9renci\u00e9 [&hellip;]<\/p>\n","protected":false},"author":1,"featured_media":0,"parent":510,"menu_order":0,"comment_status":"closed","ping_status":"closed","template":"","meta":{"site-sidebar-layout":"no-sidebar","site-content-layout":"page-builder","ast-site-content-layout":"default","site-content-style":"default","site-sidebar-style":"default","ast-global-header-display":"","ast-banner-title-visibility":"","ast-main-header-display":"","ast-hfb-above-header-display":"","ast-hfb-below-header-display":"","ast-hfb-mobile-header-display":"","site-post-title":"disabled","ast-breadcrumbs-content":"","ast-featured-img":"disabled","footer-sml-layout":"","ast-disable-related-posts":"","theme-transparent-header-meta":"","adv-header-id-meta":"","stick-header-meta":"","header-above-stick-meta":"","header-main-stick-meta":"","header-below-stick-meta":"","astra-migrate-meta-layouts":"default","ast-page-background-enabled":"default","ast-page-background-meta":{"desktop":{"background-color":"var(--ast-global-color-4)","background-image":"","background-repeat":"repeat","background-position":"center center","background-size":"auto","background-attachment":"scroll","background-type":"","background-media":"","overlay-type":"","overlay-color":"","overlay-opacity":"","overlay-gradient":""},"tablet":{"background-color":"","background-image":"","background-repeat":"repeat","background-position":"center center","background-size":"auto","background-attachment":"scroll","background-type":"","background-media":"","overlay-type":"","overlay-color":"","overlay-opacity":"","overlay-gradient":""},"mobile":{"background-color":"","background-image":"","background-repeat":"repeat","background-position":"center center","background-size":"auto","background-attachment":"scroll","background-type":"","background-media":"","overlay-type":"","overlay-color":"","overlay-opacity":"","overlay-gradient":""}},"ast-content-background-meta":{"desktop":{"background-color":"var(--ast-global-color-5)","background-image":"","background-repeat":"repeat","background-position":"center center","background-size":"auto","background-attachment":"scroll","background-type":"","background-media":"","overlay-type":"","overlay-color":"","overlay-opacity":"","overlay-gradient":""},"tablet":{"background-color":"var(--ast-global-color-5)","background-image":"","background-repeat":"repeat","background-position":"center center","background-size":"auto","background-attachment":"scroll","background-type":"","background-media":"","overlay-type":"","overlay-color":"","overlay-opacity":"","overlay-gradient":""},"mobile":{"background-color":"var(--ast-global-color-5)","background-image":"","background-repeat":"repeat","background-position":"center center","background-size":"auto","background-attachment":"scroll","background-type":"","background-media":"","overlay-type":"","overlay-color":"","overlay-opacity":"","overlay-gradient":""}},"footnotes":""},"class_list":["post-1215","page","type-page","status-publish","hentry"],"_links":{"self":[{"href":"https:\/\/www.ecgffr.ch\/fr\/wp-json\/wp\/v2\/pages\/1215","targetHints":{"allow":["GET"]}}],"collection":[{"href":"https:\/\/www.ecgffr.ch\/fr\/wp-json\/wp\/v2\/pages"}],"about":[{"href":"https:\/\/www.ecgffr.ch\/fr\/wp-json\/wp\/v2\/types\/page"}],"author":[{"embeddable":true,"href":"https:\/\/www.ecgffr.ch\/fr\/wp-json\/wp\/v2\/users\/1"}],"replies":[{"embeddable":true,"href":"https:\/\/www.ecgffr.ch\/fr\/wp-json\/wp\/v2\/comments?post=1215"}],"version-history":[{"count":5,"href":"https:\/\/www.ecgffr.ch\/fr\/wp-json\/wp\/v2\/pages\/1215\/revisions"}],"predecessor-version":[{"id":15345,"href":"https:\/\/www.ecgffr.ch\/fr\/wp-json\/wp\/v2\/pages\/1215\/revisions\/15345"}],"up":[{"embeddable":true,"href":"https:\/\/www.ecgffr.ch\/fr\/wp-json\/wp\/v2\/pages\/510"}],"wp:attachment":[{"href":"https:\/\/www.ecgffr.ch\/fr\/wp-json\/wp\/v2\/media?parent=1215"}],"curies":[{"name":"wp","href":"https:\/\/api.w.org\/{rel}","templated":true}]}}