{"id":684,"date":"2022-12-11T22:05:29","date_gmt":"2022-12-11T21:05:29","guid":{"rendered":"http:\/\/www.ecgffr.ch\/?page_id=684"},"modified":"2025-08-25T15:42:01","modified_gmt":"2025-08-25T13:42:01","slug":"mesures-de-compensation-des-desavantages","status":"publish","type":"page","link":"https:\/\/www.ecgffr.ch\/fr\/ressources-eleves\/mesures-de-compensation-des-desavantages\/","title":{"rendered":"Mesures de compensation des d\u00e9savantages"},"content":{"rendered":"\t\t<div data-elementor-type=\"wp-page\" data-elementor-id=\"684\" class=\"elementor elementor-684\" data-elementor-post-type=\"page\">\n\t\t\t\t\t\t<section class=\"elementor-section elementor-top-section elementor-element elementor-element-13c26e6 elementor-section-height-min-height elementor-section-boxed elementor-section-height-default elementor-section-items-middle\" data-id=\"13c26e6\" data-element_type=\"section\" data-settings=\"{&quot;background_background&quot;:&quot;classic&quot;}\">\n\t\t\t\t\t\t\t<div class=\"elementor-background-overlay\"><\/div>\n\t\t\t\t\t\t\t<div class=\"elementor-container elementor-column-gap-default\">\n\t\t\t\t\t<div class=\"elementor-column elementor-col-100 elementor-top-column elementor-element elementor-element-ff95641\" data-id=\"ff95641\" data-element_type=\"column\">\n\t\t\t<div class=\"elementor-widget-wrap elementor-element-populated\">\n\t\t\t\t\t\t<div class=\"elementor-element elementor-element-c754e65 elementor-widget elementor-widget-heading\" data-id=\"c754e65\" data-element_type=\"widget\" data-widget_type=\"heading.default\">\n\t\t\t\t<div class=\"elementor-widget-container\">\n\t\t\t\t\t<h4 class=\"elementor-heading-title elementor-size-default\">Ressources \u00e9l\u00e8ves<\/h4>\t\t\t\t<\/div>\n\t\t\t\t<\/div>\n\t\t\t\t<div class=\"elementor-element elementor-element-0f237c6 elementor-widget elementor-widget-heading\" data-id=\"0f237c6\" data-element_type=\"widget\" data-widget_type=\"heading.default\">\n\t\t\t\t<div class=\"elementor-widget-container\">\n\t\t\t\t\t<h1 class=\"elementor-heading-title elementor-size-default\">Mesures de compensation des d\u00e9savantages<\/h1>\t\t\t\t<\/div>\n\t\t\t\t<\/div>\n\t\t\t\t<div class=\"elementor-element elementor-element-1620e9b elementor-icon-list--layout-inline elementor-align-center elementor-list-item-link-full_width elementor-widget elementor-widget-icon-list\" data-id=\"1620e9b\" data-element_type=\"widget\" data-widget_type=\"icon-list.default\">\n\t\t\t\t<div class=\"elementor-widget-container\">\n\t\t\t\t\t\t\t<ul class=\"elementor-icon-list-items elementor-inline-items\">\n\t\t\t\t\t\t\t<li class=\"elementor-icon-list-item elementor-inline-item\">\n\t\t\t\t\t\t\t\t\t\t\t<a href=\"https:\/\/www.ecgffr.ch\/fr\/ressources-eleves\/\">\n\n\t\t\t\t\t\t\t\t\t\t\t\t<span class=\"elementor-icon-list-icon\">\n\t\t\t\t\t\t\t<i aria-hidden=\"true\" class=\"fas fa-long-arrow-alt-left\"><\/i>\t\t\t\t\t\t<\/span>\n\t\t\t\t\t\t\t\t\t\t<span class=\"elementor-icon-list-text\">Revenir \u00e0 ressources \u00e9l\u00e8ves<\/span>\n\t\t\t\t\t\t\t\t\t\t\t<\/a>\n\t\t\t\t\t\t\t\t\t<\/li>\n\t\t\t\t\t\t<\/ul>\n\t\t\t\t\t\t<\/div>\n\t\t\t\t<\/div>\n\t\t\t\t\t<\/div>\n\t\t<\/div>\n\t\t\t\t\t<\/div>\n\t\t<\/section>\n\t\t\t\t<section class=\"elementor-section elementor-top-section elementor-element elementor-element-b6e739c elementor-section-boxed elementor-section-height-default elementor-section-height-default\" data-id=\"b6e739c\" data-element_type=\"section\">\n\t\t\t\t\t\t<div class=\"elementor-container elementor-column-gap-default\">\n\t\t\t\t\t<div class=\"elementor-column elementor-col-100 elementor-top-column elementor-element elementor-element-ef448e4\" data-id=\"ef448e4\" data-element_type=\"column\">\n\t\t\t<div class=\"elementor-widget-wrap elementor-element-populated\">\n\t\t\t\t\t\t<section class=\"elementor-section elementor-inner-section elementor-element elementor-element-982cbd8 elementor-reverse-mobile elementor-section-boxed elementor-section-height-default elementor-section-height-default\" data-id=\"982cbd8\" data-element_type=\"section\">\n\t\t\t\t\t\t<div class=\"elementor-container elementor-column-gap-default\">\n\t\t\t\t\t<div class=\"elementor-column elementor-col-50 elementor-inner-column elementor-element elementor-element-ca692b7\" data-id=\"ca692b7\" data-element_type=\"column\">\n\t\t\t<div class=\"elementor-widget-wrap elementor-element-populated\">\n\t\t\t\t\t\t<div class=\"elementor-element elementor-element-da0da51 elementor-widget elementor-widget-image\" data-id=\"da0da51\" data-element_type=\"widget\" data-widget_type=\"image.default\">\n\t\t\t\t<div class=\"elementor-widget-container\">\n\t\t\t\t\t\t\t\t\t\t\t\t\t\t\t<img fetchpriority=\"high\" decoding=\"async\" width=\"338\" height=\"338\" src=\"https:\/\/www.ecgffr.ch\/wp-content\/uploads\/2023\/01\/mdc.png\" class=\"attachment-full size-full wp-image-2383\" alt=\"\" srcset=\"https:\/\/www.ecgffr.ch\/wp-content\/uploads\/2023\/01\/mdc.png 338w, https:\/\/www.ecgffr.ch\/wp-content\/uploads\/2023\/01\/mdc-300x300.png 300w, https:\/\/www.ecgffr.ch\/wp-content\/uploads\/2023\/01\/mdc-150x150.png 150w\" sizes=\"(max-width: 338px) 100vw, 338px\" \/>\t\t\t\t\t\t\t\t\t\t\t\t\t\t\t<\/div>\n\t\t\t\t<\/div>\n\t\t\t\t\t<\/div>\n\t\t<\/div>\n\t\t\t\t<div class=\"elementor-column elementor-col-50 elementor-inner-column elementor-element elementor-element-5734908\" data-id=\"5734908\" data-element_type=\"column\">\n\t\t\t<div class=\"elementor-widget-wrap elementor-element-populated\">\n\t\t\t\t\t\t<div class=\"elementor-element elementor-element-ea7a28c elementor-widget elementor-widget-heading\" data-id=\"ea7a28c\" data-element_type=\"widget\" data-widget_type=\"heading.default\">\n\t\t\t\t<div class=\"elementor-widget-container\">\n\t\t\t\t\t<h4 class=\"elementor-heading-title elementor-size-default\">MCD<\/h4>\t\t\t\t<\/div>\n\t\t\t\t<\/div>\n\t\t\t\t<div class=\"elementor-element elementor-element-7ab4d98 elementor-widget elementor-widget-heading\" data-id=\"7ab4d98\" data-element_type=\"widget\" data-widget_type=\"heading.default\">\n\t\t\t\t<div class=\"elementor-widget-container\">\n\t\t\t\t\t<h3 class=\"elementor-heading-title elementor-size-default\">Mesures de compensation des d\u00e9savantages<\/h3>\t\t\t\t<\/div>\n\t\t\t\t<\/div>\n\t\t\t\t<div class=\"elementor-element elementor-element-c1e288a elementor-widget elementor-widget-text-editor\" data-id=\"c1e288a\" data-element_type=\"widget\" data-widget_type=\"text-editor.default\">\n\t\t\t\t<div class=\"elementor-widget-container\">\n\t\t\t\t\t\t\t\t\t<p class=\"06atexteprincipal\"><span lang=\"FR\">Les mesures de compensation des d\u00e9savantages servent \u00e0 compenser les difficult\u00e9s li\u00e9es au handicap. Elles sont adapt\u00e9es \u00e0 la situation individuelle de l\u2019\u00e9l\u00e8ve et tiennent compte de ses besoins particuliers. Les mesures de compensation des d\u00e9savantages respectent le principe de proportionnalit\u00e9 et sont adapt\u00e9es \u00e0 l\u2019objectif \u00e9ducatif. Dans les \u00e9coles du degr\u00e9 secondaire sup\u00e9rieur, ces mesures peuvent \u00eatre appliqu\u00e9es durant les cours, les \u00e9valuations et\/ou durant les examens d\u2019admission et de fin d\u2019\u00e9tudes.<\/span><\/p>\t\t\t\t\t\t\t\t<\/div>\n\t\t\t\t<\/div>\n\t\t\t\t<div class=\"elementor-element elementor-element-859bbaa elementor-widget elementor-widget-text-editor\" data-id=\"859bbaa\" data-element_type=\"widget\" data-widget_type=\"text-editor.default\">\n\t\t\t\t<div class=\"elementor-widget-container\">\n\t\t\t\t\t\t\t\t\t<p><span style=\"font-style: inherit; font-weight: inherit;\">Il est important de pr\u00e9ciser que le fonctionnement du degr\u00e9 secondaire sup\u00e9rieur (S2) diff\u00e8re de celui de l\u2019\u00e9cole obligatoire. De nombreux ajustements informels ou soutiens int\u00e9gr\u00e9s \u00e0 l\u2019organisation scolaire du primaire ou du cycle d\u2019orientation ne sont pas automatiquement reconduits dans les fili\u00e8res post obligatoires.<\/span><\/p>\t\t\t\t\t\t\t\t<\/div>\n\t\t\t\t<\/div>\n\t\t\t\t<div class=\"elementor-element elementor-element-6167e0e elementor-widget elementor-widget-text-editor\" data-id=\"6167e0e\" data-element_type=\"widget\" data-widget_type=\"text-editor.default\">\n\t\t\t\t<div class=\"elementor-widget-container\">\n\t\t\t\t\t\t\t\t\t<p><span style=\"font-style: inherit; font-weight: inherit;\">Les titres d\u00e9livr\u00e9s par le S2 sont reconnus par la CDIP : les comp\u00e9tences et les objectifs sont fix\u00e9s dans les plans d\u2019\u00e9tudes cadre national et de ce fait ne peuvent \u00eatre ni diminu\u00e9s, ni adapt\u00e9s. Ceci implique que les mesures de compensation des d\u00e9savantages accord\u00e9es \u00e0 l\u2019\u00e9cole obligatoire peuvent diff\u00e9rer de celles accord\u00e9es au S2. Selon les directives de la DFAC concernant l\u2019octroi de mesures de compensation des d\u00e9savantages, article 2, al. 4, \u00ab il y a lieu d\u2019ajuster les mesures de compensation des d\u00e9savantages concr\u00e8tes avec la situation individuelle, l\u2019\u00e2ge, le degr\u00e9 scolaire et la formation choisie par l\u2019\u00e9l\u00e8ve concern\u00e9 \u00bb.<\/span><\/p><p>Les \u00e9l\u00e8ves souhaitant b\u00e9n\u00e9ficier d\u2019une mesure de compensation doivent, lors de leur inscription dans notre Ecole, compl\u00e9ter un formulaire officiel et suivre la proc\u00e9dure pr\u00e9vue. Cette demande repose sur une expertise externe r\u00e9cente et conforme, \u00e9tablie par un sp\u00e9cialiste reconnu, et faisant appara\u00eetre clairement les cons\u00e9quences du trouble sur les apprentissages et les \u00e9valuations.<\/p>\t\t\t\t\t\t\t\t<\/div>\n\t\t\t\t<\/div>\n\t\t\t\t\t<\/div>\n\t\t<\/div>\n\t\t\t\t\t<\/div>\n\t\t<\/section>\n\t\t\t\t\t<\/div>\n\t\t<\/div>\n\t\t\t\t\t<\/div>\n\t\t<\/section>\n\t\t\t\t<section class=\"elementor-section elementor-top-section elementor-element elementor-element-8ba2ab6 elementor-section-boxed elementor-section-height-default elementor-section-height-default\" data-id=\"8ba2ab6\" data-element_type=\"section\">\n\t\t\t\t\t\t<div class=\"elementor-container elementor-column-gap-no\">\n\t\t\t\t\t<div class=\"elementor-column elementor-col-100 elementor-top-column elementor-element elementor-element-7ee098c\" data-id=\"7ee098c\" data-element_type=\"column\">\n\t\t\t<div class=\"elementor-widget-wrap elementor-element-populated\">\n\t\t\t\t\t\t<section class=\"elementor-section elementor-inner-section elementor-element elementor-element-84ac90e elementor-section-content-middle elementor-section-boxed elementor-section-height-default elementor-section-height-default\" data-id=\"84ac90e\" data-element_type=\"section\" data-settings=\"{&quot;background_background&quot;:&quot;classic&quot;,&quot;shape_divider_top&quot;:&quot;tilt&quot;}\">\n\t\t\t\t\t<div class=\"elementor-shape elementor-shape-top\" aria-hidden=\"true\" data-negative=\"false\">\n\t\t\t<svg xmlns=\"http:\/\/www.w3.org\/2000\/svg\" viewBox=\"0 0 1000 100\" preserveAspectRatio=\"none\">\n\t<path class=\"elementor-shape-fill\" d=\"M0,6V0h1000v100L0,6z\"\/>\n<\/svg>\t\t<\/div>\n\t\t\t\t\t<div class=\"elementor-container elementor-column-gap-default\">\n\t\t\t\t\t<div class=\"elementor-column elementor-col-50 elementor-inner-column elementor-element elementor-element-53ebbb5\" data-id=\"53ebbb5\" data-element_type=\"column\">\n\t\t\t<div class=\"elementor-widget-wrap elementor-element-populated\">\n\t\t\t\t\t\t<div class=\"elementor-element elementor-element-5f01211 elementor-widget elementor-widget-heading\" data-id=\"5f01211\" data-element_type=\"widget\" data-widget_type=\"heading.default\">\n\t\t\t\t<div class=\"elementor-widget-container\">\n\t\t\t\t\t<h2 class=\"elementor-heading-title elementor-size-default\">Les \u00e9l\u00e8ves souhaitant b\u00e9n\u00e9ficier de mesures de compensation des d\u00e9savantages doivent compl\u00e9ter un formulaire en respectant la marche \u00e0 suivre.<\/h2>\t\t\t\t<\/div>\n\t\t\t\t<\/div>\n\t\t\t\t<div class=\"elementor-element elementor-element-96981f3 elementor-widget elementor-widget-text-editor\" data-id=\"96981f3\" data-element_type=\"widget\" data-widget_type=\"text-editor.default\">\n\t\t\t\t<div class=\"elementor-widget-container\">\n\t\t\t\t\t\t\t\t\t<p>Cette demande fait r\u00e9f\u00e9rence aux directives de la DFAC<br \/>Concernant l&rsquo;octroi de telles mesures.<\/p>\t\t\t\t\t\t\t\t<\/div>\n\t\t\t\t<\/div>\n\t\t\t\t\t<\/div>\n\t\t<\/div>\n\t\t\t\t<div class=\"elementor-column elementor-col-50 elementor-inner-column elementor-element elementor-element-f144c87\" data-id=\"f144c87\" data-element_type=\"column\">\n\t\t\t<div class=\"elementor-widget-wrap elementor-element-populated\">\n\t\t\t\t\t\t<div class=\"elementor-element elementor-element-906a49e elementor-align-right elementor-mobile-align-left elementor-widget elementor-widget-button\" data-id=\"906a49e\" data-element_type=\"widget\" data-widget_type=\"button.default\">\n\t\t\t\t<div class=\"elementor-widget-container\">\n\t\t\t\t\t\t\t\t\t<div class=\"elementor-button-wrapper\">\n\t\t\t\t\t<a class=\"elementor-button elementor-button-link elementor-size-lg\" href=\"https:\/\/www.fr.ch\/formation-et-ecoles\/ecoles-secondaires-superieures\/compensation-des-desavantages-dans-les-ecoles-du-degre-secondaire-superieur-s2#:~:text=Compensation%20des%20d%C3%A9savantages%20dans%20les%20%C3%A9coles%20du%20degr%C3%A9%20secondaire%20sup%C3%A9rieur%20(S2),-Chapeau&#038;text=Les%20%C3%A9l%C3%A8ves%20qui%20pr%C3%A9sentent%20un,des%20d%C3%A9savantages%20sous%20certaines%20conditions\" target=\"_blank\" rel=\"noopener\">\n\t\t\t\t\t\t<span class=\"elementor-button-content-wrapper\">\n\t\t\t\t\t\t\t\t\t<span class=\"elementor-button-text\">Description de la proc\u00e9dure et documents \u00e0 t\u00e9l\u00e9charger<\/span>\n\t\t\t\t\t<\/span>\n\t\t\t\t\t<\/a>\n\t\t\t\t<\/div>\n\t\t\t\t\t\t\t\t<\/div>\n\t\t\t\t<\/div>\n\t\t\t\t\t<\/div>\n\t\t<\/div>\n\t\t\t\t\t<\/div>\n\t\t<\/section>\n\t\t\t\t<section class=\"elementor-section elementor-inner-section elementor-element elementor-element-a4dddba elementor-reverse-mobile elementor-section-boxed elementor-section-height-default elementor-section-height-default\" data-id=\"a4dddba\" data-element_type=\"section\">\n\t\t\t\t\t\t<div class=\"elementor-container elementor-column-gap-default\">\n\t\t\t\t\t<div class=\"elementor-column elementor-col-100 elementor-inner-column elementor-element elementor-element-e34050b\" data-id=\"e34050b\" data-element_type=\"column\">\n\t\t\t<div class=\"elementor-widget-wrap elementor-element-populated\">\n\t\t\t\t\t\t<div class=\"elementor-element elementor-element-c55a12f elementor-widget elementor-widget-heading\" data-id=\"c55a12f\" data-element_type=\"widget\" data-widget_type=\"heading.default\">\n\t\t\t\t<div class=\"elementor-widget-container\">\n\t\t\t\t\t<h3 class=\"elementor-heading-title elementor-size-default\">Demandes qui ne rel\u00e8vent pas des mesures de compensation des d\u00e9savantages\n\n<\/h3>\t\t\t\t<\/div>\n\t\t\t\t<\/div>\n\t\t\t\t<div class=\"elementor-element elementor-element-c49ba1c elementor-widget elementor-widget-text-editor\" data-id=\"c49ba1c\" data-element_type=\"widget\" data-widget_type=\"text-editor.default\">\n\t\t\t\t<div class=\"elementor-widget-container\">\n\t\t\t\t\t\t\t\t\t<p>Certaines demandes, bien que l\u00e9gitimes sur le plan humain ou p\u00e9dagogique, ne rel\u00e8vent pas du dispositif officiel de compensation.<\/p><p>Il peut s\u2019agir, par exemple, de propositions comme : \u00ab veiller au bien-\u00eatre de l\u2019\u00e9l\u00e8ve \u00bb, \u00ab adopter une posture bienveillante \u00bb, \u00ab tenir compte de ses \u00e9motions \u00bb, ou encore \u00ab faire preuve de tol\u00e9rance face aux oublis de mat\u00e9riel ou de d\u00e9lais \u00bb.<\/p><p>Ces \u00e9l\u00e9ments rel\u00e8vent du climat scolaire, du projet \u00e9ducatif de l\u2019\u00e9tablissement et du professionnalisme attendu de l\u2019\u00e9quipe p\u00e9dagogique. Ils ne n\u00e9cessitent pas de d\u00e9cision administrative formelle, car ils ne sont ni individualisables, ni mesurables, ni opposables juridiquement.<\/p><p>D\u2019autres demandes comme \u00ab apprendre \u00e0 apprendre \u00bb, \u00ab organiser son travail \u00bb, \u00ab d\u00e9velopper des strat\u00e9gies de r\u00e9vision \u00bb sont quant \u00e0 elles de l\u2019ordre de l\u2019accompagnement p\u00e9dagogique. Elles peuvent trouver leur place lors d\u2019intervention en m\u00e9diation scolaire ou des suivis par des services externes sp\u00e9cialis\u00e9s<\/p><p>\u00a0<\/p>\t\t\t\t\t\t\t\t<\/div>\n\t\t\t\t<\/div>\n\t\t\t\t\t<\/div>\n\t\t<\/div>\n\t\t\t\t\t<\/div>\n\t\t<\/section>\n\t\t\t\t\t<\/div>\n\t\t<\/div>\n\t\t\t\t\t<\/div>\n\t\t<\/section>\n\t\t\t\t<\/div>\n\t\t","protected":false},"excerpt":{"rendered":"<p>Ressources \u00e9l\u00e8ves Mesures de compensation des d\u00e9savantages Revenir \u00e0 ressources \u00e9l\u00e8ves MCD Mesures de compensation des d\u00e9savantages Les mesures de compensation des d\u00e9savantages servent \u00e0 compenser les difficult\u00e9s li\u00e9es au handicap. Elles sont adapt\u00e9es \u00e0 la situation individuelle de l\u2019\u00e9l\u00e8ve et tiennent compte de ses besoins particuliers. Les mesures de compensation des d\u00e9savantages respectent le [&hellip;]<\/p>\n","protected":false},"author":1,"featured_media":0,"parent":495,"menu_order":0,"comment_status":"closed","ping_status":"closed","template":"","meta":{"site-sidebar-layout":"no-sidebar","site-content-layout":"page-builder","ast-site-content-layout":"default","site-content-style":"default","site-sidebar-style":"default","ast-global-header-display":"","ast-banner-title-visibility":"","ast-main-header-display":"","ast-hfb-above-header-display":"","ast-hfb-below-header-display":"","ast-hfb-mobile-header-display":"","site-post-title":"disabled","ast-breadcrumbs-content":"","ast-featured-img":"disabled","footer-sml-layout":"","ast-disable-related-posts":"","theme-transparent-header-meta":"","adv-header-id-meta":"","stick-header-meta":"","header-above-stick-meta":"","header-main-stick-meta":"","header-below-stick-meta":"","astra-migrate-meta-layouts":"default","ast-page-background-enabled":"default","ast-page-background-meta":{"desktop":{"background-color":"var(--ast-global-color-4)","background-image":"","background-repeat":"repeat","background-position":"center center","background-size":"auto","background-attachment":"scroll","background-type":"","background-media":"","overlay-type":"","overlay-color":"","overlay-opacity":"","overlay-gradient":""},"tablet":{"background-color":"","background-image":"","background-repeat":"repeat","background-position":"center center","background-size":"auto","background-attachment":"scroll","background-type":"","background-media":"","overlay-type":"","overlay-color":"","overlay-opacity":"","overlay-gradient":""},"mobile":{"background-color":"","background-image":"","background-repeat":"repeat","background-position":"center center","background-size":"auto","background-attachment":"scroll","background-type":"","background-media":"","overlay-type":"","overlay-color":"","overlay-opacity":"","overlay-gradient":""}},"ast-content-background-meta":{"desktop":{"background-color":"var(--ast-global-color-5)","background-image":"","background-repeat":"repeat","background-position":"center center","background-size":"auto","background-attachment":"scroll","background-type":"","background-media":"","overlay-type":"","overlay-color":"","overlay-opacity":"","overlay-gradient":""},"tablet":{"background-color":"var(--ast-global-color-5)","background-image":"","background-repeat":"repeat","background-position":"center center","background-size":"auto","background-attachment":"scroll","background-type":"","background-media":"","overlay-type":"","overlay-color":"","overlay-opacity":"","overlay-gradient":""},"mobile":{"background-color":"var(--ast-global-color-5)","background-image":"","background-repeat":"repeat","background-position":"center center","background-size":"auto","background-attachment":"scroll","background-type":"","background-media":"","overlay-type":"","overlay-color":"","overlay-opacity":"","overlay-gradient":""}},"footnotes":""},"class_list":["post-684","page","type-page","status-publish","hentry"],"_links":{"self":[{"href":"https:\/\/www.ecgffr.ch\/fr\/wp-json\/wp\/v2\/pages\/684","targetHints":{"allow":["GET"]}}],"collection":[{"href":"https:\/\/www.ecgffr.ch\/fr\/wp-json\/wp\/v2\/pages"}],"about":[{"href":"https:\/\/www.ecgffr.ch\/fr\/wp-json\/wp\/v2\/types\/page"}],"author":[{"embeddable":true,"href":"https:\/\/www.ecgffr.ch\/fr\/wp-json\/wp\/v2\/users\/1"}],"replies":[{"embeddable":true,"href":"https:\/\/www.ecgffr.ch\/fr\/wp-json\/wp\/v2\/comments?post=684"}],"version-history":[{"count":13,"href":"https:\/\/www.ecgffr.ch\/fr\/wp-json\/wp\/v2\/pages\/684\/revisions"}],"predecessor-version":[{"id":14872,"href":"https:\/\/www.ecgffr.ch\/fr\/wp-json\/wp\/v2\/pages\/684\/revisions\/14872"}],"up":[{"embeddable":true,"href":"https:\/\/www.ecgffr.ch\/fr\/wp-json\/wp\/v2\/pages\/495"}],"wp:attachment":[{"href":"https:\/\/www.ecgffr.ch\/fr\/wp-json\/wp\/v2\/media?parent=684"}],"curies":[{"name":"wp","href":"https:\/\/api.w.org\/{rel}","templated":true}]}}